{"id":386,"date":"2023-09-04T15:33:54","date_gmt":"2023-09-04T15:33:54","guid":{"rendered":"https:\/\/domaine-le-sciau-couzon.fr\/politique-de-confidentialite\/"},"modified":"2023-11-07T09:42:20","modified_gmt":"2023-11-07T09:42:20","slug":"politique-de-confidentialite","status":"publish","type":"page","link":"https:\/\/domaine-le-sciau-couzon.fr\/nl\/politique-de-confidentialite\/","title":{"rendered":"\u00a0Politique de confidentialit\u00e9"},"content":{"rendered":"<p>[et_pb_section fb_built=&#8221;1&#8243; _builder_version=&#8221;4.17.6&#8243; _module_preset=&#8221;default&#8221; background_image=&#8221;https:\/\/domaine-le-sciau-couzon.fr\/wp-content\/uploads\/2023\/09\/slider4-domaine-le-sciau-couzon-2.jpg&#8221; custom_padding=&#8221;100px||100px|||&#8221; global_colors_info=&#8221;{}&#8221;][et_pb_row _builder_version=&#8221;4.17.6&#8243; _module_preset=&#8221;default&#8221; global_colors_info=&#8221;{}&#8221;][et_pb_column type=&#8221;4_4&#8243; _builder_version=&#8221;4.17.6&#8243; _module_preset=&#8221;default&#8221; global_colors_info=&#8221;{}&#8221;][et_pb_text _builder_version=&#8221;4.17.6&#8243; _module_preset=&#8221;default&#8221; text_font=&#8221;Jost||||||||&#8221; text_text_color=&#8221;#FFFFFF&#8221; text_font_size=&#8221;60px&#8221; text_line_height_tablet=&#8221;&#8221; text_line_height_phone=&#8221;1.8em&#8221; text_line_height_last_edited=&#8221;on|phone&#8221; global_colors_info=&#8221;{}&#8221;]<\/p>\n<p style=\"text-align: center;\"><strong>Privacybeleid<\/strong><\/p>\n<p>[\/et_pb_text][\/et_pb_column][\/et_pb_row][\/et_pb_section][et_pb_section fb_built=&#8221;1&#8243; admin_label=&#8221;Call to Action&#8221; _builder_version=&#8221;4.17.6&#8243; _module_preset=&#8221;1c645eed-e31a-4d8a-bba0-d8f5fb351913&#8243; custom_margin=&#8221;||0px||false|false&#8221; custom_padding=&#8221;||0px||false|false&#8221; global_colors_info=&#8221;{}&#8221;][et_pb_row _builder_version=&#8221;4.17.6&#8243; _module_preset=&#8221;default&#8221; custom_padding=&#8221;0px||||false|false&#8221; global_colors_info=&#8221;{}&#8221;][et_pb_column type=&#8221;4_4&#8243; _builder_version=&#8221;4.17.3&#8243; _module_preset=&#8221;default&#8221; global_colors_info=&#8221;{}&#8221;][et_pb_text _builder_version=&#8221;4.17.6&#8243; _module_preset=&#8221;default&#8221; text_font=&#8221;Inter||||||||&#8221; text_text_color=&#8221;#22434A&#8221; header_font=&#8221;Jost||||||||&#8221; header_2_font=&#8221;Jost|700|||||||&#8221; header_2_text_color=&#8221;#000000&#8243; header_2_font_size=&#8221;35px&#8221; header_2_line_height=&#8221;1.8em&#8221; text_font_size_tablet=&#8221;16px&#8221; text_font_size_phone=&#8221;14px&#8221; text_font_size_last_edited=&#8221;on|tablet&#8221; header_font_size_tablet=&#8221;55px&#8221; header_font_size_last_edited=&#8221;off|desktop&#8221; header_2_font_size_tablet=&#8221;34px&#8221; header_2_font_size_phone=&#8221;24px&#8221; header_2_font_size_last_edited=&#8221;on|phone&#8221; locked=&#8221;off&#8221; global_colors_info=&#8221;{}&#8221;]<\/p>\n<h2>A. <span>Inleiding<\/span><\/h2>\n<p>1. De privacy van de bezoekers van onze website is zeer belangrijk voor ons, en we zijn toegewijd om deze te beschermen. Deze beleidsverklaring legt uit wat we doen met uw persoonlijke gegevens.<br \/><span style=\"font-size: 14px;\">2. Door in te stemmen met het gebruik van cookies volgens de voorwaarden van dit beleid wanneer u onze website voor de eerste keer bezoekt, staat u toe dat we cookies gebruiken telkens wanneer u onze website bezoekt.<\/span><\/p>\n<h2>B. Types de donn\u00e9es collect\u00e9es ?<\/h2>\n<p><span>Als u onze website bezoekt, kunnen de volgende gegevens worden verzameld, opgeslagen en gebruikt:<\/span><br \/>1. <span>Informatie over uw computer, inclusief uw IP-adres, geografische locatie, telefoonnummer, het type en de versie van uw internetbrowser en het gebruikte besturingssysteem.<\/span><br \/>2. <span>Informatie over het aantal bezoeken en uw gebruik van deze website, inclusief de verwijzende bron, de duur van het bezoek, de bekeken pagina&#8217;s en de navigatiepaden op de website.<\/span><br \/>3. <span>Informatie die u invoert bij uw registratie op onze website, zoals uw e-mailadres.<\/span><br \/>4. <span>Informatie die u invoert wanneer u een contactformulier invult, wanneer u communiceert via de chat met onze teams, wanneer u een terugbelverzoek indient of wanneer u een afspraak maakt. (Informatie die nodig is voor de gevraagde interactie: naam, voornaam, telefoonnummer, e-mailadres, geboortedatum, geslacht, details over het verzoek, enz.)<\/span><br \/>5. <span>Informatie die u invoert om u te abonneren op onze e-mails en\/of nieuwsbrieven.<\/span><br \/>6. <span>Informatie die u op onze website plaatst met de bedoeling om op internet te publiceren (bijvoorbeeld het plaatsen van opmerkingen).<\/span><br \/>7. <span>Alle andere persoonlijke informatie die u naar ons stuurt.<\/span><\/p>\n<h2>C. <span>Gebruik van persoonlijke gegevens<\/span><\/h2>\n<p><span>Persoonlijke informatie die via onze website aan ons wordt verstrekt, zal worden gebruikt voor de doeleinden zoals vermeld in dit beleid of op de relevante pagina&#8217;s van de website. <br \/>We kunnen uw persoonlijke informatie gebruiken voor de volgende doeleinden:<\/span><br \/>1. <span>Onze website en activiteiten beheren.<\/span><br \/>2. <span>Onze website aanpassen aan uw behoeften.<\/span><br \/>3. <span>Uw gebruik van de diensten op onze website mogelijk maken.<\/span><br \/>4. <span>De gevraagde diensten via onze website leveren.<\/span><br \/>5. <span>Commerci\u00eble en\/of marketingcommunicatie naar u sturen.<\/span><br \/>6. <span>E-mailmeldingen sturen die u specifiek hebt aangevraagd.<\/span><br \/>7. <span>Onze nieuwsbrief per e-mail sturen als u zich hebt ingeschreven (u kunt zich op elk moment uitschrijven).<\/span><br \/>8. <span>Verzoeken om informatie en klachten behandelen die door u zijn ingediend of over u zijn ingediend met betrekking tot het volgende: onze website.<\/span><br \/>9.\u00a0<span>Onze website beveiligen en fraude voorkomen.<\/span><br \/>10. <span>Controleren of wordt voldaan aan de voorwaarden voor het gebruik van de diensten van onze website.<\/span><br \/>11. <span>Wedstrijden organiseren.<\/span><br \/>12. <span>Verzoeken met betrekking tot toegangsrechten, rectificatie en bezwaar beheren.<\/span><br \/>13. <span>Andere doeleinden<\/span><br \/><span>Wij zullen uw persoonlijke informatie zonder uw expliciete toestemming niet verstrekken aan een derde partij voor hun directe marketing of die van een andere derde partij.<\/span><\/p>\n<h2>D. <span>Openbaarmaking van persoonlijke informatie<\/span><\/h2>\n<p><span>Wij kunnen uw persoonlijke informatie delen met onze medewerkers of leidinggevenden, onze verzekeraars, onze professionele adviseurs, onze agenten, onze leveranciers of onderaannemers op een redelijke en noodzakelijke manier voor de doeleinden zoals uiteengezet in dit beleid. Wij behouden echter het recht om uw persoonlijke gegevens te gebruiken of openbaar te maken indien de wet dit vereist, indien de bescherming van de integriteit van de website dit vereist, om aan uw verzoek te voldoen, of om samen te werken aan een gerechtelijke procedure of een zaak van algemeen belang. Behalve zoals uiteengezet in dit beleid, zullen wij uw persoonlijke informatie niet verstrekken aan derden.<\/span><\/p>\n<h2>E. <span>Gebruik van Cookies<\/span><\/h2>\n<p>1. <span>Bewaartermijn van cookies<\/span><br \/><span>We gebruiken cookies om u de beste ervaring op onze website te garanderen. Google Analytics: Deze cookies verzamelen anonieme informatie over hoe u onze website bezoekt als bezoeker. Het doel is om onze website te verbeteren en beter af te stemmen op de behoeften van de bezoekers. We verzamelen geen persoonlijke gegevens. Bewaartermijn van de informatie: 38 maanden.<\/span><br \/>2. <span>Doel van cookies<\/span><br \/><span>Cookies kunnen worden gebruikt voor statistische doeleinden, met name om de diensten aan de gebruiker te optimaliseren, op basis van de verwerking van informatie over de frequentie van toegang, de personalisatie van pagina&#8217;s en de uitgevoerde handelingen en geraadpleegde informatie. U wordt ervan op de hoogte gebracht dat de uitgever van deze website cookies op uw apparaat kan plaatsen. De cookie slaat informatie op met betrekking tot de navigatie op de service (de pagina&#8217;s die u hebt bezocht, de datum en tijd van het bezoek&#8230;) die we kunnen lezen tijdens uw latere bezoeken.<br \/><\/span>3. <span>Recht van de gebruiker om cookies te weigeren<\/span><br \/><span>U erkent te zijn ge\u00efnformeerd dat de uitgever van deze website mogelijk cookies kan gebruiken. Als u niet wilt dat er cookies op uw apparaat worden gebruikt, stellen de meeste browsers u in staat om cookies uit te schakelen via de instellingsopties.<\/span><\/p>\n<h2>F. <span>Bewaring van technische gegevens<\/span><\/h2>\n<p>1. <span>Bewaartermijn van technische gegevens<\/span><br \/><span>Technische gegevens worden bewaard gedurende de strikt noodzakelijke periode om de hierboven vermelde doelen te bereiken.<\/span><\/p>\n<h2>G. <span>Bewaartermijn van persoonlijke gegevens en anonimisering<\/span><\/h2>\n<p>1. <span>Bewaring van gegevens gedurende de contractuele relatie <br \/>Persoonsgegevens die worden verwerkt, worden niet langer bewaard dan nodig is voor de uitvoering van de verplichtingen die zijn vastgesteld bij het sluiten van het contract of voor de vooraf bepaalde duur van de contractuele relatie.<\/span><br \/>2. <span>Bewaring van geanonimiseerde gegevens na de contractuele relatie \/ na het verwijderen van het klantaccount. <br \/>We bewaren persoonlijke gegevens gedurende de strikt noodzakelijke periode om de doeleinden zoals beschreven in dit privacybeleid te bereiken. Na deze periode zullen ze worden geanonimiseerd en uitsluitend voor statistische doeleinden worden bewaard en zullen ze niet worden gebruikt voor welk doel dan ook.<\/span><br \/>3. <span>Verwijdering van gegevens na het verwijderen van het account <br \/>Middelen voor gegevensopschoning zijn ingesteld om effectieve verwijdering te garanderen zodra de bewaar- of archiveringsduur die nodig is voor het bereiken van de vastgestelde of opgelegde doeleinden is bereikt. U heeft ook het recht om uw gegevens te laten verwijderen, dat u op elk moment kunt uitoefenen door contact op te nemen met de uitgever van deze website.<\/span><\/p>\n<h2>H. <span>Wijzigingen in dit privacybeleid<\/span><\/h2>\n<p><span>We kunnen dit privacybeleid van tijd tot tijd bijwerken door een nieuwe versie op onze website te publiceren.<\/span><\/p>\n<h2>I. <span>Informatie aan de gebruiker in geval van een beveiligingsinbreuk<\/span><\/h2>\n<p><span>We engageren ons om alle passende technische en organisatorische maatregelen te implementeren om een beveiligingsniveau te waarborgen dat geschikt is gezien de risico&#8217;s van onbedoelde, ongeautoriseerde of illegale toegang, openbaarmaking, wijziging, verlies of vernietiging van uw persoonlijke gegevens. In het geval dat we kennis zouden nemen van ongeautoriseerde toegang tot uw persoonlijke gegevens die zijn opgeslagen op onze servers of die van onze dienstverleners, of van ongeautoriseerde toegang die de bovengenoemde risico&#8217;s met zich meebrengt, verbinden we ons ertoe:<\/span><br \/>1. <span>U onmiddellijk op de hoogte te stellen van het incident;<\/span><br \/>2. <span>De oorzaken van het incident te onderzoeken en u daarover te informeren;<\/span><br \/>3. <span>De nodige maatregelen te nemen, voor zover redelijk, om de negatieve effecten en schade die voortvloeien uit het incident te minimaliseren.<\/span><\/p>\n<h2>J. <span>Beperking van aansprakelijkheid<\/span><\/h2>\n<p><span>In geen geval kunnen de verbintenissen zoals hierboven uiteengezet met betrekking tot de kennisgeving in geval van een beveiligingsinbreuk worden beschouwd als enige erkenning van schuld of aansprakelijkheid met betrekking tot het voorkomen van het betreffende incident.<\/span><\/p>\n<h2>K. <span>Toegang en gegevensportabiliteit<\/span><\/h2>\n<p><span>Op elk moment kunt u toegang vragen tot uw persoonlijke gegevens, u heeft ook het recht om uw gegevens te corrigeren, te wijzigen of te laten verwijderen. Een kopie van uw gegevens kan ook aan u worden verstrekt. Deze gegevens moeten worden verstrekt in een open en gemakkelijk herbruikbaar formaat.<\/span><\/p>\n<h2>L. <span>Voorafgaande informatie voorafgaand aan fusie \/ overname<\/span><\/h2>\n<p><span>In het geval dat we deelnemen aan een fusie-, overname- of enige andere vorm van activatransactie, verbinden we ons ertoe de vertrouwelijkheid van uw persoonlijke gegevens te waarborgen en u te informeren voordat deze worden overgedragen of onderworpen zijn aan nieuwe privacyregels.<\/span><\/p>\n<h2>M. <span>Klacht<\/span><\/h2>\n<p><span>U heeft het recht om een klacht in te dienen bij de gegevensbeschermingsautoriteit: https:\/\/www.datenschutzbehorde.be\/zivilist<\/span><\/p>\n<p>[\/et_pb_text][\/et_pb_column][\/et_pb_row][\/et_pb_section][et_pb_section fb_built=&#8221;1&#8243; module_class=&#8221;display&#8221; _builder_version=&#8221;4.17.6&#8243; _module_preset=&#8221;default&#8221; global_colors_info=&#8221;{}&#8221;][et_pb_row _builder_version=&#8221;4.17.6&#8243; _module_preset=&#8221;default&#8221; global_colors_info=&#8221;{}&#8221;][et_pb_column type=&#8221;4_4&#8243; _builder_version=&#8221;4.17.6&#8243; _module_preset=&#8221;default&#8221; global_colors_info=&#8221;{}&#8221;][et_pb_text module_class=&#8221;display&#8221; _builder_version=&#8221;4.17.6&#8243; _module_preset=&#8221;default&#8221; global_colors_info=&#8221;{}&#8221;]<\/p>\n<p>Bienvenue \u00e0 notre remarquable chambre d&#8217;h\u00f4te nich\u00e9e au c\u0153ur de l&#8217;Allier. Impr\u00e9gn\u00e9e de l&#8217;atmosph\u00e8re apaisante de cette r\u00e9gion pittoresque, notre domaine vous accueille dans une ambiance chaleureuse et authentique. Avec notre h\u00e9bergement pouvant accueillir jusqu&#8217;\u00e0 8 personnes r\u00e9parties dans trois chambres soigneusement am\u00e9nag\u00e9es, chaque visiteur d\u00e9couvrira un havre de tranquillit\u00e9 o\u00f9 le confort et l&#8217;\u00e9l\u00e9gance se marient \u00e0 la perfection. Profitez de la diversit\u00e9 des activit\u00e9s et des d\u00e9couvertes qui vous entourent, puis revenez \u00e0 notre havre de paix pour vous d\u00e9tendre et vous ressourcer. Dans cette r\u00e9gion historique et culturelle, notre chambre d&#8217;h\u00f4te est l&#8217;endroit id\u00e9al pour vivre une exp\u00e9rience m\u00e9morable au c\u0153ur de l&#8217;Allier.<\/p>\n<p>[\/et_pb_text][\/et_pb_column][\/et_pb_row][\/et_pb_section][et_pb_section fb_built=&#8221;1&#8243; module_class=&#8221;display&#8221; _builder_version=&#8221;4.17.6&#8243; _module_preset=&#8221;default&#8221; global_colors_info=&#8221;{}&#8221;][et_pb_row _builder_version=&#8221;4.17.6&#8243; _module_preset=&#8221;default&#8221; global_colors_info=&#8221;{}&#8221;][et_pb_column type=&#8221;4_4&#8243; _builder_version=&#8221;4.17.6&#8243; _module_preset=&#8221;default&#8221; global_colors_info=&#8221;{}&#8221;][et_pb_text _builder_version=&#8221;4.17.6&#8243; _module_preset=&#8221;default&#8221; global_colors_info=&#8221;{}&#8221;]<\/p>\n<p>D\u00e9couvrez nos salles d&#8217;exception \u00e0 louer, l&#8217;Empire \u00e0 Charleroi et Luxury \u00e0 Jumet. Avec leur grande capacit\u00e9, leur confort optimal, leur emplacement strat\u00e9gique et leur flexibilit\u00e9 d&#8217;am\u00e9nagement, ces salles offrent tout ce dont vous avez besoin pour cr\u00e9er un \u00e9v\u00e9nement inoubliable. R\u00e9servez d\u00e8s maintenant et profitez d&#8217;un service professionnel dans des espaces personnalisables. Transformez votre \u00e9v\u00e9nement en un moment m\u00e9morable.<\/p>\n<p>[\/et_pb_text][\/et_pb_column][\/et_pb_row][\/et_pb_section][et_pb_section fb_built=&#8221;1&#8243; module_class=&#8221;display&#8221; _builder_version=&#8221;4.17.6&#8243; _module_preset=&#8221;default&#8221; custom_padding=&#8221;0px||0px|||&#8221; global_colors_info=&#8221;{}&#8221;][et_pb_row _builder_version=&#8221;4.17.6&#8243; _module_preset=&#8221;default&#8221; global_colors_info=&#8221;{}&#8221;][et_pb_column type=&#8221;4_4&#8243; _builder_version=&#8221;4.17.6&#8243; _module_preset=&#8221;default&#8221; global_colors_info=&#8221;{}&#8221;][et_pb_text _builder_version=&#8221;4.17.6&#8243; _module_preset=&#8221;default&#8221; global_colors_info=&#8221;{}&#8221;]<\/p>\n<p>Crescendimmo Real Estate \u00e0 Sambreville est votre agence immobili\u00e8re. Nous vous accompagnons dans votre recherche de bien immobilier \u00e0 acheter, \u00e0 vendre ou \u00e0 louer. Nous vous proposons un service de gestion locative pour tous vos biens immobiliers. Retrouvez \u00e9galement notre service d\u2019estimation gratuite \u00e0 Sambreville, Jemeppes-sur-Sambre ou Fosse-la-Ville. Pour toute autre demande, n\u2019h\u00e9sitez pas \u00e0 nous contacter.<\/p>\n<p>[\/et_pb_text][\/et_pb_column][\/et_pb_row][\/et_pb_section][et_pb_section fb_built=&#8221;1&#8243; module_class=&#8221;display&#8221; _builder_version=&#8221;4.17.6&#8243; _module_preset=&#8221;default&#8221; global_colors_info=&#8221;{}&#8221;][et_pb_row _builder_version=&#8221;4.17.6&#8243; _module_preset=&#8221;default&#8221; global_colors_info=&#8221;{}&#8221;][et_pb_column type=&#8221;4_4&#8243; _builder_version=&#8221;4.17.6&#8243; _module_preset=&#8221;default&#8221; global_colors_info=&#8221;{}&#8221;][et_pb_text _builder_version=&#8221;4.17.6&#8243; _module_preset=&#8221;default&#8221; global_colors_info=&#8221;{}&#8221;]<\/p>\n<p>Traiteur \u00e9v\u00e9nementiel, Le Percheron propose ses services de restauration pour tous types d\u2019\u00e9v\u00e9nements priv\u00e9s et professionnels en Wallonie. Menus types ou compos\u00e9s sur mesure selon vos envies, nos plats traiteur s&#8217;adaptent \u00e0 toutes les occasions. Nous pr\u00e9parons vos buffets (pr\u00e9parations ap\u00e9ritives, amuse-bouches, plats froids ou chauds, desserts) et menus complets (entr\u00e9e, plat et dessert) selon vos exigences, pour des moments uniques de partage et de d\u00e9gustation. Au quotidien, Le Percheron vous propose un menu diff\u00e9rent par semaine disponible en livraison dans le secteur de Mons. Renouvel\u00e9s chaque semaine, ces menus gourmands (plat, potage, entr\u00e9e, dessert) sauront vous convaincre. Ils sont disponibles sur commande par t\u00e9l\u00e9phone ou par mail.<\/p>\n<p>[\/et_pb_text][\/et_pb_column][\/et_pb_row][\/et_pb_section][et_pb_section fb_built=&#8221;1&#8243; module_class=&#8221;display&#8221; _builder_version=&#8221;4.17.6&#8243; _module_preset=&#8221;default&#8221; global_colors_info=&#8221;{}&#8221;][et_pb_row _builder_version=&#8221;4.17.6&#8243; _module_preset=&#8221;default&#8221; global_colors_info=&#8221;{}&#8221;][et_pb_column type=&#8221;4_4&#8243; _builder_version=&#8221;4.17.6&#8243; _module_preset=&#8221;default&#8221; global_colors_info=&#8221;{}&#8221;][et_pb_text _builder_version=&#8221;4.17.6&#8243; _module_preset=&#8221;default&#8221; global_colors_info=&#8221;{}&#8221;]<\/p>\n<p>Traiteur \u00e9v\u00e9nementiel, Le Percheron propose ses services de restauration pour tous types d\u2019\u00e9v\u00e9nements priv\u00e9s et professionnels en Wallonie. Menus types ou compos\u00e9s sur mesure selon vos envies, nos plats traiteur s&#8217;adaptent \u00e0 toutes les occasions. Nous pr\u00e9parons vos buffets (pr\u00e9parations ap\u00e9ritives, amuse-bouches, plats froids ou chauds, desserts) et menus complets (entr\u00e9e, plat et dessert) selon vos exigences, pour des moments uniques de partage et de d\u00e9gustation. Au quotidien, Le Percheron vous propose un menu diff\u00e9rent par semaine disponible en livraison dans le secteur de Mons. Renouvel\u00e9s chaque semaine, ces menus gourmands (plat, potage, entr\u00e9e, dessert) sauront vous convaincre. Ils sont disponibles sur commande par t\u00e9l\u00e9phone ou par mail.<\/p>\n<p>[\/et_pb_text][\/et_pb_column][\/et_pb_row][\/et_pb_section][et_pb_section fb_built=&#8221;1&#8243; module_class=&#8221;display&#8221; _builder_version=&#8221;4.17.6&#8243; _module_preset=&#8221;default&#8221; global_colors_info=&#8221;{}&#8221;][et_pb_row _builder_version=&#8221;4.17.6&#8243; _module_preset=&#8221;default&#8221; global_colors_info=&#8221;{}&#8221;][et_pb_column type=&#8221;4_4&#8243; _builder_version=&#8221;4.17.6&#8243; _module_preset=&#8221;default&#8221; global_colors_info=&#8221;{}&#8221;][et_pb_text _builder_version=&#8221;4.17.6&#8243; _module_preset=&#8221;default&#8221; global_colors_info=&#8221;{}&#8221;]<\/p>\n<p>Traiteur \u00e9v\u00e9nementiel, Le Percheron propose ses services de restauration pour tous types d\u2019\u00e9v\u00e9nements priv\u00e9s et professionnels en Wallonie. Menus types ou compos\u00e9s sur mesure selon vos envies, nos plats traiteur s&#8217;adaptent \u00e0 toutes les occasions. Nous pr\u00e9parons vos buffets (pr\u00e9parations ap\u00e9ritives, amuse-bouches, plats froids ou chauds, desserts) et menus complets (entr\u00e9e, plat et dessert) selon vos exigences, pour des moments uniques de partage et de d\u00e9gustation. Au quotidien, Le Percheron vous propose un menu diff\u00e9rent par semaine disponible en livraison dans le secteur de Mons. Renouvel\u00e9s chaque semaine, ces menus gourmands (plat, potage, entr\u00e9e, dessert) sauront vous convaincre. Ils sont disponibles sur commande par t\u00e9l\u00e9phone ou par mail.<\/p>\n<p>[\/et_pb_text][\/et_pb_column][\/et_pb_row][\/et_pb_section][et_pb_section fb_built=&#8221;1&#8243; module_class=&#8221;display&#8221; _builder_version=&#8221;4.17.6&#8243; _module_preset=&#8221;default&#8221; global_colors_info=&#8221;{}&#8221;][et_pb_row _builder_version=&#8221;4.17.6&#8243; _module_preset=&#8221;default&#8221; global_colors_info=&#8221;{}&#8221;][et_pb_column type=&#8221;4_4&#8243; _builder_version=&#8221;4.17.6&#8243; _module_preset=&#8221;default&#8221; global_colors_info=&#8221;{}&#8221;][et_pb_text _builder_version=&#8221;4.17.6&#8243; _module_preset=&#8221;default&#8221; global_colors_info=&#8221;{}&#8221;]<\/p>\n<p>Traiteur \u00e9v\u00e9nementiel, Le Percheron propose ses services de restauration pour tous types d\u2019\u00e9v\u00e9nements priv\u00e9s et professionnels en Wallonie. Menus types ou compos\u00e9s sur mesure selon vos envies, nos plats traiteur s&#8217;adaptent \u00e0 toutes les occasions. Nous pr\u00e9parons vos buffets (pr\u00e9parations ap\u00e9ritives, amuse-bouches, plats froids ou chauds, desserts) et menus complets (entr\u00e9e, plat et dessert) selon vos exigences, pour des moments uniques de partage et de d\u00e9gustation. Au quotidien, Le Percheron vous propose un menu diff\u00e9rent par semaine disponible en livraison dans le secteur de Mons. Renouvel\u00e9s chaque semaine, ces menus gourmands (plat, potage, entr\u00e9e, dessert) sauront vous convaincre. Ils sont disponibles sur commande par t\u00e9l\u00e9phone ou par mail.<\/p>\n<p>[\/et_pb_text][\/et_pb_column][\/et_pb_row][\/et_pb_section][et_pb_section fb_built=&#8221;1&#8243; module_class=&#8221;display&#8221; _builder_version=&#8221;4.17.6&#8243; _module_preset=&#8221;default&#8221; global_colors_info=&#8221;{}&#8221;][et_pb_row _builder_version=&#8221;4.17.6&#8243; _module_preset=&#8221;default&#8221; global_colors_info=&#8221;{}&#8221;][et_pb_column type=&#8221;4_4&#8243; _builder_version=&#8221;4.17.6&#8243; _module_preset=&#8221;default&#8221; global_colors_info=&#8221;{}&#8221;][et_pb_text _builder_version=&#8221;4.17.6&#8243; _module_preset=&#8221;default&#8221; global_colors_info=&#8221;{}&#8221;]<\/p>\n<p>Traiteur \u00e9v\u00e9nementiel, Le Percheron propose ses services de restauration pour tous types d\u2019\u00e9v\u00e9nements priv\u00e9s et professionnels en Wallonie. Menus types ou compos\u00e9s sur mesure selon vos envies, nos plats traiteur s&#8217;adaptent \u00e0 toutes les occasions. Nous pr\u00e9parons vos buffets (pr\u00e9parations ap\u00e9ritives, amuse-bouches, plats froids ou chauds, desserts) et menus complets (entr\u00e9e, plat et dessert) selon vos exigences, pour des moments uniques de partage et de d\u00e9gustation. Au quotidien, Le Percheron vous propose un menu diff\u00e9rent par semaine disponible en livraison dans le secteur de Mons. Renouvel\u00e9s chaque semaine, ces menus gourmands (plat, potage, entr\u00e9e, dessert) sauront vous convaincre. Ils sont disponibles sur commande par t\u00e9l\u00e9phone ou par mail.<\/p>\n<p>[\/et_pb_text][\/et_pb_column][\/et_pb_row][\/et_pb_section]<\/p>\n","protected":false},"excerpt":{"rendered":"<p>PrivacybeleidA. Inleiding 1. De privacy van de bezoekers van onze website is zeer belangrijk voor ons, en we zijn toegewijd om deze te beschermen. Deze beleidsverklaring legt uit wat we doen met uw persoonlijke gegevens.2. Door in te stemmen met het gebruik van cookies volgens de voorwaarden van dit beleid wanneer u onze website voor [&hellip;]<\/p>\n","protected":false},"author":1,"featured_media":0,"parent":0,"menu_order":0,"comment_status":"closed","ping_status":"closed","template":"","meta":{"_et_pb_use_builder":"on","_et_pb_old_content":"","_et_gb_content_width":"","footnotes":""},"class_list":["post-386","page","type-page","status-publish","hentry"],"yoast_head":"<!-- This site is optimized with the Yoast SEO plugin v26.3 - https:\/\/yoast.com\/wordpress\/plugins\/seo\/ -->\n<title>\u00a0Politique de confidentialit\u00e9 - Domaine Le Sciau<\/title>\n<meta name=\"robots\" content=\"noindex, follow\" \/>\n<meta property=\"og:locale\" content=\"nl_NL\" \/>\n<meta property=\"og:type\" content=\"article\" \/>\n<meta property=\"og:title\" content=\"\u00a0Politique de confidentialit\u00e9 - Domaine Le Sciau\" \/>\n<meta property=\"og:description\" content=\"PrivacybeleidA. Inleiding 1. De privacy van de bezoekers van onze website is zeer belangrijk voor ons, en we zijn toegewijd om deze te beschermen. Deze beleidsverklaring legt uit wat we doen met uw persoonlijke gegevens.2. Door in te stemmen met het gebruik van cookies volgens de voorwaarden van dit beleid wanneer u onze website voor [&hellip;]\" \/>\n<meta property=\"og:url\" content=\"https:\/\/domaine-le-sciau-couzon.fr\/nl\/politique-de-confidentialite\/\" \/>\n<meta property=\"og:site_name\" content=\"Domaine Le Sciau\" \/>\n<meta property=\"article:modified_time\" content=\"2023-11-07T09:42:20+00:00\" \/>\n<meta property=\"og:image\" content=\"https:\/\/domaine-le-sciau-couzon.fr\/wp-content\/uploads\/2023\/09\/cropped-logo-domaine-le-sciau-couzon.jpg\" \/>\n\t<meta property=\"og:image:width\" content=\"512\" \/>\n\t<meta property=\"og:image:height\" content=\"512\" \/>\n\t<meta property=\"og:image:type\" content=\"image\/jpeg\" \/>\n<meta name=\"twitter:card\" content=\"summary_large_image\" \/>\n<meta name=\"twitter:label1\" content=\"Geschatte leestijd\" \/>\n\t<meta name=\"twitter:data1\" content=\"12 minuten\" \/>\n<script type=\"application\/ld+json\" class=\"yoast-schema-graph\">{\"@context\":\"https:\/\/schema.org\",\"@graph\":[{\"@type\":\"WebPage\",\"@id\":\"https:\/\/domaine-le-sciau-couzon.fr\/nl\/politique-de-confidentialite\/\",\"url\":\"https:\/\/domaine-le-sciau-couzon.fr\/nl\/politique-de-confidentialite\/\",\"name\":\"\u00a0Politique de confidentialit\u00e9 - Domaine Le Sciau\",\"isPartOf\":{\"@id\":\"https:\/\/domaine-le-sciau-couzon.fr\/#website\"},\"datePublished\":\"2023-09-04T15:33:54+00:00\",\"dateModified\":\"2023-11-07T09:42:20+00:00\",\"breadcrumb\":{\"@id\":\"https:\/\/domaine-le-sciau-couzon.fr\/nl\/politique-de-confidentialite\/#breadcrumb\"},\"inLanguage\":\"nl-NL\",\"potentialAction\":[{\"@type\":\"ReadAction\",\"target\":[\"https:\/\/domaine-le-sciau-couzon.fr\/nl\/politique-de-confidentialite\/\"]}]},{\"@type\":\"BreadcrumbList\",\"@id\":\"https:\/\/domaine-le-sciau-couzon.fr\/nl\/politique-de-confidentialite\/#breadcrumb\",\"itemListElement\":[{\"@type\":\"ListItem\",\"position\":1,\"name\":\"Accueil\",\"item\":\"https:\/\/domaine-le-sciau-couzon.fr\/nl\/\"},{\"@type\":\"ListItem\",\"position\":2,\"name\":\"\u00a0Politique de confidentialit\u00e9\"}]},{\"@type\":\"WebSite\",\"@id\":\"https:\/\/domaine-le-sciau-couzon.fr\/#website\",\"url\":\"https:\/\/domaine-le-sciau-couzon.fr\/\",\"name\":\"Domaine le Sciau\",\"description\":\"\",\"publisher\":{\"@id\":\"https:\/\/domaine-le-sciau-couzon.fr\/#organization\"},\"potentialAction\":[{\"@type\":\"SearchAction\",\"target\":{\"@type\":\"EntryPoint\",\"urlTemplate\":\"https:\/\/domaine-le-sciau-couzon.fr\/?s={search_term_string}\"},\"query-input\":{\"@type\":\"PropertyValueSpecification\",\"valueRequired\":true,\"valueName\":\"search_term_string\"}}],\"inLanguage\":\"nl-NL\"},{\"@type\":\"Organization\",\"@id\":\"https:\/\/domaine-le-sciau-couzon.fr\/#organization\",\"name\":\"Domaine le Sciau\",\"url\":\"https:\/\/domaine-le-sciau-couzon.fr\/\",\"logo\":{\"@type\":\"ImageObject\",\"inLanguage\":\"nl-NL\",\"@id\":\"https:\/\/domaine-le-sciau-couzon.fr\/#\/schema\/logo\/image\/\",\"url\":\"https:\/\/domaine-le-sciau-couzon.fr\/wp-content\/uploads\/2023\/09\/cropped-logo-domaine-le-sciau-couzon.jpg\",\"contentUrl\":\"https:\/\/domaine-le-sciau-couzon.fr\/wp-content\/uploads\/2023\/09\/cropped-logo-domaine-le-sciau-couzon.jpg\",\"width\":512,\"height\":512,\"caption\":\"Domaine le Sciau\"},\"image\":{\"@id\":\"https:\/\/domaine-le-sciau-couzon.fr\/#\/schema\/logo\/image\/\"}}]}<\/script>\n<!-- \/ Yoast SEO plugin. -->","yoast_head_json":{"title":"\u00a0Politique de confidentialit\u00e9 - Domaine Le Sciau","robots":{"index":"noindex","follow":"follow"},"og_locale":"nl_NL","og_type":"article","og_title":"\u00a0Politique de confidentialit\u00e9 - Domaine Le Sciau","og_description":"PrivacybeleidA. Inleiding 1. De privacy van de bezoekers van onze website is zeer belangrijk voor ons, en we zijn toegewijd om deze te beschermen. Deze beleidsverklaring legt uit wat we doen met uw persoonlijke gegevens.2. Door in te stemmen met het gebruik van cookies volgens de voorwaarden van dit beleid wanneer u onze website voor [&hellip;]","og_url":"https:\/\/domaine-le-sciau-couzon.fr\/nl\/politique-de-confidentialite\/","og_site_name":"Domaine Le Sciau","article_modified_time":"2023-11-07T09:42:20+00:00","og_image":[{"width":512,"height":512,"url":"https:\/\/domaine-le-sciau-couzon.fr\/wp-content\/uploads\/2023\/09\/cropped-logo-domaine-le-sciau-couzon.jpg","type":"image\/jpeg"}],"twitter_card":"summary_large_image","twitter_misc":{"Geschatte leestijd":"12 minuten"},"schema":{"@context":"https:\/\/schema.org","@graph":[{"@type":"WebPage","@id":"https:\/\/domaine-le-sciau-couzon.fr\/nl\/politique-de-confidentialite\/","url":"https:\/\/domaine-le-sciau-couzon.fr\/nl\/politique-de-confidentialite\/","name":"\u00a0Politique de confidentialit\u00e9 - Domaine Le Sciau","isPartOf":{"@id":"https:\/\/domaine-le-sciau-couzon.fr\/#website"},"datePublished":"2023-09-04T15:33:54+00:00","dateModified":"2023-11-07T09:42:20+00:00","breadcrumb":{"@id":"https:\/\/domaine-le-sciau-couzon.fr\/nl\/politique-de-confidentialite\/#breadcrumb"},"inLanguage":"nl-NL","potentialAction":[{"@type":"ReadAction","target":["https:\/\/domaine-le-sciau-couzon.fr\/nl\/politique-de-confidentialite\/"]}]},{"@type":"BreadcrumbList","@id":"https:\/\/domaine-le-sciau-couzon.fr\/nl\/politique-de-confidentialite\/#breadcrumb","itemListElement":[{"@type":"ListItem","position":1,"name":"Accueil","item":"https:\/\/domaine-le-sciau-couzon.fr\/nl\/"},{"@type":"ListItem","position":2,"name":"\u00a0Politique de confidentialit\u00e9"}]},{"@type":"WebSite","@id":"https:\/\/domaine-le-sciau-couzon.fr\/#website","url":"https:\/\/domaine-le-sciau-couzon.fr\/","name":"Domaine le Sciau","description":"","publisher":{"@id":"https:\/\/domaine-le-sciau-couzon.fr\/#organization"},"potentialAction":[{"@type":"SearchAction","target":{"@type":"EntryPoint","urlTemplate":"https:\/\/domaine-le-sciau-couzon.fr\/?s={search_term_string}"},"query-input":{"@type":"PropertyValueSpecification","valueRequired":true,"valueName":"search_term_string"}}],"inLanguage":"nl-NL"},{"@type":"Organization","@id":"https:\/\/domaine-le-sciau-couzon.fr\/#organization","name":"Domaine le Sciau","url":"https:\/\/domaine-le-sciau-couzon.fr\/","logo":{"@type":"ImageObject","inLanguage":"nl-NL","@id":"https:\/\/domaine-le-sciau-couzon.fr\/#\/schema\/logo\/image\/","url":"https:\/\/domaine-le-sciau-couzon.fr\/wp-content\/uploads\/2023\/09\/cropped-logo-domaine-le-sciau-couzon.jpg","contentUrl":"https:\/\/domaine-le-sciau-couzon.fr\/wp-content\/uploads\/2023\/09\/cropped-logo-domaine-le-sciau-couzon.jpg","width":512,"height":512,"caption":"Domaine le Sciau"},"image":{"@id":"https:\/\/domaine-le-sciau-couzon.fr\/#\/schema\/logo\/image\/"}}]}},"_links":{"self":[{"href":"https:\/\/domaine-le-sciau-couzon.fr\/nl\/wp-json\/wp\/v2\/pages\/386","targetHints":{"allow":["GET"]}}],"collection":[{"href":"https:\/\/domaine-le-sciau-couzon.fr\/nl\/wp-json\/wp\/v2\/pages"}],"about":[{"href":"https:\/\/domaine-le-sciau-couzon.fr\/nl\/wp-json\/wp\/v2\/types\/page"}],"author":[{"embeddable":true,"href":"https:\/\/domaine-le-sciau-couzon.fr\/nl\/wp-json\/wp\/v2\/users\/1"}],"replies":[{"embeddable":true,"href":"https:\/\/domaine-le-sciau-couzon.fr\/nl\/wp-json\/wp\/v2\/comments?post=386"}],"version-history":[{"count":2,"href":"https:\/\/domaine-le-sciau-couzon.fr\/nl\/wp-json\/wp\/v2\/pages\/386\/revisions"}],"predecessor-version":[{"id":476,"href":"https:\/\/domaine-le-sciau-couzon.fr\/nl\/wp-json\/wp\/v2\/pages\/386\/revisions\/476"}],"wp:attachment":[{"href":"https:\/\/domaine-le-sciau-couzon.fr\/nl\/wp-json\/wp\/v2\/media?parent=386"}],"curies":[{"name":"wp","href":"https:\/\/api.w.org\/{rel}","templated":true}]}}