{"id":388,"date":"2023-09-04T15:05:51","date_gmt":"2023-09-04T15:05:51","guid":{"rendered":"https:\/\/domaine-le-sciau-couzon.fr\/contact\/"},"modified":"2025-07-30T12:03:17","modified_gmt":"2025-07-30T12:03:17","slug":"contact-couzon","status":"publish","type":"page","link":"https:\/\/domaine-le-sciau-couzon.fr\/nl\/contact-couzon\/","title":{"rendered":"Contact"},"content":{"rendered":"<p>[et_pb_section fb_built=&#8221;1&#8243; _builder_version=&#8221;4.17.6&#8243; _module_preset=&#8221;default&#8221; background_image=&#8221;https:\/\/domaine-le-sciau-couzon.fr\/wp-content\/uploads\/2023\/09\/slider4-domaine-le-sciau-couzon-2.jpg&#8221; custom_padding=&#8221;100px||100px|||&#8221; global_colors_info=&#8221;{}&#8221;][et_pb_row _builder_version=&#8221;4.17.6&#8243; _module_preset=&#8221;default&#8221; global_colors_info=&#8221;{}&#8221;][et_pb_column type=&#8221;4_4&#8243; _builder_version=&#8221;4.17.6&#8243; _module_preset=&#8221;default&#8221; global_colors_info=&#8221;{}&#8221;][et_pb_text _builder_version=&#8221;4.17.6&#8243; _module_preset=&#8221;default&#8221; text_font=&#8221;Jost||||||||&#8221; text_text_color=&#8221;#FFFFFF&#8221; text_font_size=&#8221;60px&#8221; global_colors_info=&#8221;{}&#8221;]<\/p>\n<p style=\"text-align: center;\"><strong>Contact<\/strong><\/p>\n<p>[\/et_pb_text][\/et_pb_column][\/et_pb_row][\/et_pb_section][et_pb_section fb_built=&#8221;1&#8243; _builder_version=&#8221;4.17.6&#8243; _module_preset=&#8221;default&#8221; global_colors_info=&#8221;{}&#8221;][et_pb_row _builder_version=&#8221;4.17.6&#8243; _module_preset=&#8221;default&#8221; custom_padding=&#8221;3px|||||&#8221; global_colors_info=&#8221;{}&#8221;][et_pb_column type=&#8221;4_4&#8243; _builder_version=&#8221;4.17.6&#8243; _module_preset=&#8221;default&#8221; global_colors_info=&#8221;{}&#8221;][et_pb_text _builder_version=&#8221;4.27.4&#8243; _module_preset=&#8221;default&#8221; header_text_color=&#8221;#bb9c6d&#8221; hover_enabled=&#8221;0&#8243; global_colors_info=&#8221;{}&#8221; sticky_enabled=&#8221;0&#8243;]<\/p>\n<h1 style=\"text-align: center;\"><span>Breng uw vakantie door in de Allier door uw kamer te reserveren in ons gastenverblijf<\/span><\/h1>\n<h2 style=\"text-align: center;\"><strong>Neem contact op met Domaine Le Sciau voor een reservering of enige informatieaanvraag<\/strong><\/h2>\n<p style=\"text-align: center;\">Een oase van rust en charme verscholen in Couzon. Als u op zoek bent naar de perfecte plek voor een gedenkwaardige uitje, kom ons dan bezoeken. We zijn blij om al uw vragen te beantwoorden, of het nu gaat om onze tarieven, onze diensten, toegangsdetails of enige andere informatie die u nodig zou kunnen hebben.<\/p>\n<p style=\"text-align: center;\">Ons toegewijde team staat klaar om u te helpen bij het plannen van het perfecte verblijf. Aarzel niet om contact met ons op te nemen, hetzij telefonisch voor een snelle en hartelijke reactie, of per e-mail als u de voorkeur geeft aan schriftelijke communicatie. U kunt ook ons contactformulier gebruiken om uw vragen en verzoeken door te sturen.<\/p>\n<p style=\"text-align: center;\">Duik in de onvergetelijke ervaring die Domaine Le Sciau biedt door vandaag nog contact met ons op te nemen. Uw droomuitje begint hier.<\/p>\n<p>[\/et_pb_text][\/et_pb_column][\/et_pb_row][et_pb_row column_structure=&#8221;1_2,1_2&#8243; _builder_version=&#8221;4.17.6&#8243; _module_preset=&#8221;default&#8221; global_colors_info=&#8221;{}&#8221;][et_pb_column type=&#8221;1_2&#8243; _builder_version=&#8221;4.17.6&#8243; _module_preset=&#8221;default&#8221; global_colors_info=&#8221;{}&#8221;][et_pb_blurb title=&#8221;E-mail&#8221; url_new_window=&#8221;on&#8221; use_icon=&#8221;on&#8221; font_icon=&#8221;&#xf0e0;||fa||900&#8243; icon_color=&#8221;#bb9c6d&#8221; image_icon_width=&#8221;40px&#8221; _builder_version=&#8221;4.27.4&#8243; _module_preset=&#8221;default&#8221; header_level=&#8221;h3&#8243; header_text_align=&#8221;center&#8221; text_orientation=&#8221;center&#8221; hover_enabled=&#8221;0&#8243; locked=&#8221;off&#8221; global_colors_info=&#8221;{}&#8221; sticky_enabled=&#8221;0&#8243;]<\/p>\n<p><a href=\"mailto:ilse.noynaert@gmail.com\">domainelesciau@gmail.com<\/a><\/p>\n<p>[\/et_pb_blurb][\/et_pb_column][et_pb_column type=&#8221;1_2&#8243; _builder_version=&#8221;4.17.6&#8243; _module_preset=&#8221;default&#8221; global_colors_info=&#8221;{}&#8221;][et_pb_blurb title=&#8221;Telefoon&#8221; url_new_window=&#8221;on&#8221; use_icon=&#8221;on&#8221; font_icon=&#8221;&#xe090;||divi||400&#8243; icon_color=&#8221;#bb9c6d&#8221; image_icon_width=&#8221;40px&#8221; _builder_version=&#8221;4.27.4&#8243; _module_preset=&#8221;default&#8221; header_level=&#8221;h3&#8243; header_text_align=&#8221;center&#8221; text_orientation=&#8221;center&#8221; hover_enabled=&#8221;0&#8243; locked=&#8221;off&#8221; global_colors_info=&#8221;{}&#8221; sticky_enabled=&#8221;0&#8243;]<\/p>\n<p><a href=\"tel:+3362082 59 20 59\">+33 6 82 59 20 59 \/ <\/a><a href=\"tel:+3362082 59 20 59\">+32 472 45 79 13<\/a><a href=\"tel:+3362082 59 20 59\"><\/a><\/p>\n<p>[\/et_pb_blurb][\/et_pb_column][\/et_pb_row][et_pb_row _builder_version=&#8221;4.17.6&#8243; _module_preset=&#8221;default&#8221; global_colors_info=&#8221;{}&#8221;][et_pb_column type=&#8221;4_4&#8243; _builder_version=&#8221;4.17.6&#8243; _module_preset=&#8221;default&#8221; global_colors_info=&#8221;{}&#8221;][et_pb_code _builder_version=&#8221;4.17.6&#8243; _module_preset=&#8221;default&#8221; text_orientation=&#8221;center&#8221; global_colors_info=&#8221;{}&#8221;]\t[\/et_pb_code][\/et_pb_column][\/et_pb_row][\/et_pb_section][et_pb_section fb_built=&#8221;1&#8243; fullwidth=&#8221;on&#8221; _builder_version=&#8221;4.17.6&#8243; _module_preset=&#8221;default&#8221; custom_margin=&#8221;||||false|false&#8221; global_colors_info=&#8221;{}&#8221;][et_pb_fullwidth_code _builder_version=&#8221;4.17.6&#8243; _module_preset=&#8221;default&#8221; min_height=&#8221;448.8px&#8221; custom_margin=&#8221;70px|||||&#8221; custom_padding=&#8221;3px|||||&#8221; global_colors_info=&#8221;{}&#8221;]<iframe src=\"https:\/\/www.google.com\/maps\/embed?pb=!1m18!1m12!1m3!1d2740.122262892731!2d3.091070076798235!3d46.62434665528842!2m3!1f0!2f0!3f0!3m2!1i1024!2i768!4f13.1!3m3!1m2!1s0x47f0efe0ce8de0e9%3A0x595385f7a0abe5!2sLe%20Sciau%2C%2003160%20Couzon%2C%20France!5e0!3m2!1sfr!2sma!4v1693839728532!5m2!1sfr!2sma\" width=\"100%\" height=\"450\" style=\"border:0;\" allowfullscreen=\"\" loading=\"lazy\" referrerpolicy=\"no-referrer-when-downgrade\"><\/iframe>[\/et_pb_fullwidth_code][\/et_pb_section][et_pb_section fb_built=&#8221;1&#8243; module_class=&#8221;display&#8221; _builder_version=&#8221;4.17.6&#8243; _module_preset=&#8221;default&#8221; global_colors_info=&#8221;{}&#8221;][et_pb_row _builder_version=&#8221;4.17.6&#8243; _module_preset=&#8221;default&#8221; global_colors_info=&#8221;{}&#8221;][et_pb_column type=&#8221;4_4&#8243; _builder_version=&#8221;4.17.6&#8243; _module_preset=&#8221;default&#8221; global_colors_info=&#8221;{}&#8221;][et_pb_text _builder_version=&#8221;4.17.6&#8243; _module_preset=&#8221;default&#8221; global_colors_info=&#8221;{}&#8221;]<\/p>\n<p>Bienvenue au Domaine Le Sciau, nich\u00e9 au sein de la magnifique r\u00e9gion Auvergne-Rh\u00f4ne-Alpes. Impr\u00e9gn\u00e9e de l&#8217;essence m\u00eame de cette r\u00e9gion pittoresque, notre demeure vous offre bien plus qu&#8217;un simple h\u00e9bergement : une immersion totale dans la beaut\u00e9 naturelle et le charme authentique de la r\u00e9gion. Avec nos trois chambres soigneusement am\u00e9nag\u00e9es pour accueillir jusqu&#8217;\u00e0 8 personnes, chaque visiteur d\u00e9couvrira un refuge o\u00f9 le confort et la qui\u00e9tude se marient harmonieusement. Profitez des merveilles culturelles et des plaisirs culinaires qui vous entourent, puis retrouvez le calme de notre domaine pour vous d\u00e9tendre en toute s\u00e9r\u00e9nit\u00e9. Au c\u0153ur de cette r\u00e9gion fascinante, notre chambre d&#8217;h\u00f4te vous invite \u00e0 vivre une exp\u00e9rience inoubliable au sein de l&#8217;Allier.<\/p>\n<p>[\/et_pb_text][\/et_pb_column][\/et_pb_row][\/et_pb_section][et_pb_section fb_built=&#8221;1&#8243; module_class=&#8221;display&#8221; _builder_version=&#8221;4.17.6&#8243; _module_preset=&#8221;default&#8221; global_colors_info=&#8221;{}&#8221;][et_pb_row _builder_version=&#8221;4.17.6&#8243; _module_preset=&#8221;default&#8221; global_colors_info=&#8221;{}&#8221;][et_pb_column type=&#8221;4_4&#8243; _builder_version=&#8221;4.17.6&#8243; _module_preset=&#8221;default&#8221; global_colors_info=&#8221;{}&#8221;][et_pb_text module_class=&#8221;display&#8221; _builder_version=&#8221;4.17.6&#8243; _module_preset=&#8221;default&#8221; global_colors_info=&#8221;{}&#8221;]<\/p>\n<p>Bienvenue \u00e0 notre remarquable chambre d&#8217;h\u00f4te nich\u00e9e au c\u0153ur de l&#8217;Allier. Impr\u00e9gn\u00e9e de l&#8217;atmosph\u00e8re apaisante de cette r\u00e9gion pittoresque, notre domaine vous accueille dans une ambiance chaleureuse et authentique. Avec notre h\u00e9bergement pouvant accueillir jusqu&#8217;\u00e0 8 personnes r\u00e9parties dans trois chambres soigneusement am\u00e9nag\u00e9es, chaque visiteur d\u00e9couvrira un havre de tranquillit\u00e9 o\u00f9 le confort et l&#8217;\u00e9l\u00e9gance se marient \u00e0 la perfection. Profitez de la diversit\u00e9 des activit\u00e9s et des d\u00e9couvertes qui vous entourent, puis revenez \u00e0 notre havre de paix pour vous d\u00e9tendre et vous ressourcer. Dans cette r\u00e9gion historique et culturelle, notre chambre d&#8217;h\u00f4te est l&#8217;endroit id\u00e9al pour vivre une exp\u00e9rience m\u00e9morable au c\u0153ur de l&#8217;Allier.<\/p>\n<p>[\/et_pb_text][\/et_pb_column][\/et_pb_row][\/et_pb_section][et_pb_section fb_built=&#8221;1&#8243; module_class=&#8221;display&#8221; _builder_version=&#8221;4.17.6&#8243; _module_preset=&#8221;default&#8221; global_colors_info=&#8221;{}&#8221;][et_pb_row _builder_version=&#8221;4.17.6&#8243; _module_preset=&#8221;default&#8221; global_colors_info=&#8221;{}&#8221;][et_pb_column type=&#8221;4_4&#8243; _builder_version=&#8221;4.17.6&#8243; _module_preset=&#8221;default&#8221; global_colors_info=&#8221;{}&#8221;][et_pb_text _builder_version=&#8221;4.17.6&#8243; _module_preset=&#8221;8a8f9e40-de06-424b-817d-5c730cffe3b2&#8243; global_colors_info=&#8221;{}&#8221;]<\/p>\n<p>D\u00e9couvrez nos salles d&#8217;exception \u00e0 louer, l&#8217;Empire \u00e0 Charleroi et Luxury \u00e0 Jumet. Avec leur grande capacit\u00e9, leur confort optimal, leur emplacement strat\u00e9gique et leur flexibilit\u00e9 d&#8217;am\u00e9nagement, ces salles offrent tout ce dont vous avez besoin pour cr\u00e9er un \u00e9v\u00e9nement inoubliable. R\u00e9servez d\u00e8s maintenant et profitez d&#8217;un service professionnel dans des espaces personnalisables. Transformez votre \u00e9v\u00e9nement en un moment m\u00e9morable.<\/p>\n<p>[\/et_pb_text][\/et_pb_column][\/et_pb_row][\/et_pb_section][et_pb_section fb_built=&#8221;1&#8243; module_class=&#8221;display&#8221; _builder_version=&#8221;4.17.6&#8243; _module_preset=&#8221;default&#8221; custom_padding=&#8221;0px||0px|||&#8221; global_colors_info=&#8221;{}&#8221;][et_pb_row _builder_version=&#8221;4.17.6&#8243; _module_preset=&#8221;default&#8221; global_colors_info=&#8221;{}&#8221;][et_pb_column type=&#8221;4_4&#8243; _builder_version=&#8221;4.17.6&#8243; _module_preset=&#8221;default&#8221; global_colors_info=&#8221;{}&#8221;][et_pb_text _builder_version=&#8221;4.17.6&#8243; _module_preset=&#8221;8a8f9e40-de06-424b-817d-5c730cffe3b2&#8243; global_colors_info=&#8221;{}&#8221;]<\/p>\n<p>Crescendimmo Real Estate \u00e0 Sambreville est votre agence immobili\u00e8re. Nous vous accompagnons dans votre recherche de bien immobilier \u00e0 acheter, \u00e0 vendre ou \u00e0 louer. Nous vous proposons un service de gestion locative pour tous vos biens immobiliers. Retrouvez \u00e9galement notre service d\u2019estimation gratuite \u00e0 Sambreville, Jemeppes-sur-Sambre ou Fosse-la-Ville. Pour toute autre demande, n\u2019h\u00e9sitez pas \u00e0 nous contacter.<\/p>\n<p>[\/et_pb_text][\/et_pb_column][\/et_pb_row][\/et_pb_section][et_pb_section fb_built=&#8221;1&#8243; module_class=&#8221;display&#8221; _builder_version=&#8221;4.17.6&#8243; _module_preset=&#8221;default&#8221; global_colors_info=&#8221;{}&#8221;][et_pb_row _builder_version=&#8221;4.17.6&#8243; _module_preset=&#8221;default&#8221; global_colors_info=&#8221;{}&#8221;][et_pb_column type=&#8221;4_4&#8243; _builder_version=&#8221;4.17.6&#8243; _module_preset=&#8221;default&#8221; global_colors_info=&#8221;{}&#8221;][et_pb_text _builder_version=&#8221;4.17.6&#8243; _module_preset=&#8221;8a8f9e40-de06-424b-817d-5c730cffe3b2&#8243; global_colors_info=&#8221;{}&#8221;]<\/p>\n<p>Traiteur \u00e9v\u00e9nementiel, Le Percheron propose ses services de restauration pour tous types d\u2019\u00e9v\u00e9nements priv\u00e9s et professionnels en Wallonie. Menus types ou compos\u00e9s sur mesure selon vos envies, nos plats traiteur s&#8217;adaptent \u00e0 toutes les occasions. Nous pr\u00e9parons vos buffets (pr\u00e9parations ap\u00e9ritives, amuse-bouches, plats froids ou chauds, desserts) et menus complets (entr\u00e9e, plat et dessert) selon vos exigences, pour des moments uniques de partage et de d\u00e9gustation. Au quotidien, Le Percheron vous propose un menu diff\u00e9rent par semaine disponible en livraison dans le secteur de Mons. Renouvel\u00e9s chaque semaine, ces menus gourmands (plat, potage, entr\u00e9e, dessert) sauront vous convaincre. Ils sont disponibles sur commande par t\u00e9l\u00e9phone ou par mail.<\/p>\n<p>[\/et_pb_text][\/et_pb_column][\/et_pb_row][\/et_pb_section][et_pb_section fb_built=&#8221;1&#8243; module_class=&#8221;display&#8221; _builder_version=&#8221;4.17.6&#8243; _module_preset=&#8221;default&#8221; global_colors_info=&#8221;{}&#8221;][et_pb_row _builder_version=&#8221;4.17.6&#8243; _module_preset=&#8221;default&#8221; global_colors_info=&#8221;{}&#8221;][et_pb_column type=&#8221;4_4&#8243; _builder_version=&#8221;4.17.6&#8243; _module_preset=&#8221;default&#8221; global_colors_info=&#8221;{}&#8221;][et_pb_text _builder_version=&#8221;4.17.6&#8243; _module_preset=&#8221;8a8f9e40-de06-424b-817d-5c730cffe3b2&#8243; global_colors_info=&#8221;{}&#8221;]<\/p>\n<p>Traiteur \u00e9v\u00e9nementiel, Le Percheron propose ses services de restauration pour tous types d\u2019\u00e9v\u00e9nements priv\u00e9s et professionnels en Wallonie. Menus types ou compos\u00e9s sur mesure selon vos envies, nos plats traiteur s&#8217;adaptent \u00e0 toutes les occasions. Nous pr\u00e9parons vos buffets (pr\u00e9parations ap\u00e9ritives, amuse-bouches, plats froids ou chauds, desserts) et menus complets (entr\u00e9e, plat et dessert) selon vos exigences, pour des moments uniques de partage et de d\u00e9gustation. Au quotidien, Le Percheron vous propose un menu diff\u00e9rent par semaine disponible en livraison dans le secteur de Mons. Renouvel\u00e9s chaque semaine, ces menus gourmands (plat, potage, entr\u00e9e, dessert) sauront vous convaincre. Ils sont disponibles sur commande par t\u00e9l\u00e9phone ou par mail.<\/p>\n<p>[\/et_pb_text][\/et_pb_column][\/et_pb_row][\/et_pb_section][et_pb_section fb_built=&#8221;1&#8243; module_class=&#8221;display&#8221; _builder_version=&#8221;4.17.6&#8243; _module_preset=&#8221;default&#8221; global_colors_info=&#8221;{}&#8221;][et_pb_row _builder_version=&#8221;4.17.6&#8243; _module_preset=&#8221;default&#8221; global_colors_info=&#8221;{}&#8221;][et_pb_column type=&#8221;4_4&#8243; _builder_version=&#8221;4.17.6&#8243; _module_preset=&#8221;default&#8221; global_colors_info=&#8221;{}&#8221;][et_pb_text _builder_version=&#8221;4.17.6&#8243; _module_preset=&#8221;8a8f9e40-de06-424b-817d-5c730cffe3b2&#8243; global_colors_info=&#8221;{}&#8221;]<\/p>\n<p>Traiteur \u00e9v\u00e9nementiel, Le Percheron propose ses services de restauration pour tous types d\u2019\u00e9v\u00e9nements priv\u00e9s et professionnels en Wallonie. Menus types ou compos\u00e9s sur mesure selon vos envies, nos plats traiteur s&#8217;adaptent \u00e0 toutes les occasions. Nous pr\u00e9parons vos buffets (pr\u00e9parations ap\u00e9ritives, amuse-bouches, plats froids ou chauds, desserts) et menus complets (entr\u00e9e, plat et dessert) selon vos exigences, pour des moments uniques de partage et de d\u00e9gustation. Au quotidien, Le Percheron vous propose un menu diff\u00e9rent par semaine disponible en livraison dans le secteur de Mons. Renouvel\u00e9s chaque semaine, ces menus gourmands (plat, potage, entr\u00e9e, dessert) sauront vous convaincre. Ils sont disponibles sur commande par t\u00e9l\u00e9phone ou par mail.<\/p>\n<p>[\/et_pb_text][\/et_pb_column][\/et_pb_row][\/et_pb_section][et_pb_section fb_built=&#8221;1&#8243; module_class=&#8221;display&#8221; _builder_version=&#8221;4.17.6&#8243; _module_preset=&#8221;default&#8221; global_colors_info=&#8221;{}&#8221;][et_pb_row _builder_version=&#8221;4.17.6&#8243; _module_preset=&#8221;default&#8221; global_colors_info=&#8221;{}&#8221;][et_pb_column type=&#8221;4_4&#8243; _builder_version=&#8221;4.17.6&#8243; _module_preset=&#8221;default&#8221; global_colors_info=&#8221;{}&#8221;][et_pb_text _builder_version=&#8221;4.17.6&#8243; _module_preset=&#8221;8a8f9e40-de06-424b-817d-5c730cffe3b2&#8243; global_colors_info=&#8221;{}&#8221;]<\/p>\n<p>Traiteur \u00e9v\u00e9nementiel, Le Percheron propose ses services de restauration pour tous types d\u2019\u00e9v\u00e9nements priv\u00e9s et professionnels en Wallonie. Menus types ou compos\u00e9s sur mesure selon vos envies, nos plats traiteur s&#8217;adaptent \u00e0 toutes les occasions. Nous pr\u00e9parons vos buffets (pr\u00e9parations ap\u00e9ritives, amuse-bouches, plats froids ou chauds, desserts) et menus complets (entr\u00e9e, plat et dessert) selon vos exigences, pour des moments uniques de partage et de d\u00e9gustation. Au quotidien, Le Percheron vous propose un menu diff\u00e9rent par semaine disponible en livraison dans le secteur de Mons. Renouvel\u00e9s chaque semaine, ces menus gourmands (plat, potage, entr\u00e9e, dessert) sauront vous convaincre. Ils sont disponibles sur commande par t\u00e9l\u00e9phone ou par mail.<\/p>\n<p>[\/et_pb_text][\/et_pb_column][\/et_pb_row][\/et_pb_section][et_pb_section fb_built=&#8221;1&#8243; module_class=&#8221;display&#8221; _builder_version=&#8221;4.17.6&#8243; _module_preset=&#8221;default&#8221; global_colors_info=&#8221;{}&#8221;][et_pb_row _builder_version=&#8221;4.17.6&#8243; _module_preset=&#8221;default&#8221; global_colors_info=&#8221;{}&#8221;][et_pb_column type=&#8221;4_4&#8243; _builder_version=&#8221;4.17.6&#8243; _module_preset=&#8221;default&#8221; global_colors_info=&#8221;{}&#8221;][et_pb_text _builder_version=&#8221;4.17.6&#8243; _module_preset=&#8221;8a8f9e40-de06-424b-817d-5c730cffe3b2&#8243; global_colors_info=&#8221;{}&#8221;]<\/p>\n<p>Traiteur \u00e9v\u00e9nementiel, Le Percheron propose ses services de restauration pour tous types d\u2019\u00e9v\u00e9nements priv\u00e9s et professionnels en Wallonie. Menus types ou compos\u00e9s sur mesure selon vos envies, nos plats traiteur s&#8217;adaptent \u00e0 toutes les occasions. Nous pr\u00e9parons vos buffets (pr\u00e9parations ap\u00e9ritives, amuse-bouches, plats froids ou chauds, desserts) et menus complets (entr\u00e9e, plat et dessert) selon vos exigences, pour des moments uniques de partage et de d\u00e9gustation. Au quotidien, Le Percheron vous propose un menu diff\u00e9rent par semaine disponible en livraison dans le secteur de Mons. Renouvel\u00e9s chaque semaine, ces menus gourmands (plat, potage, entr\u00e9e, dessert) sauront vous convaincre. Ils sont disponibles sur commande par t\u00e9l\u00e9phone ou par mail.<\/p>\n<p>[\/et_pb_text][\/et_pb_column][\/et_pb_row][\/et_pb_section]<\/p>\n","protected":false},"excerpt":{"rendered":"<p>ContactBreng uw vakantie door in de Allier door uw kamer te reserveren in ons gastenverblijf Neem contact op met Domaine Le Sciau voor een reservering of enige informatieaanvraag Een oase van rust en charme verscholen in Couzon. Als u op zoek bent naar de perfecte plek voor een gedenkwaardige uitje, kom ons dan bezoeken. We [&hellip;]<\/p>\n","protected":false},"author":1,"featured_media":0,"parent":0,"menu_order":0,"comment_status":"closed","ping_status":"closed","template":"","meta":{"_et_pb_use_builder":"on","_et_pb_old_content":"","_et_gb_content_width":"","footnotes":""},"class_list":["post-388","page","type-page","status-publish","hentry"],"yoast_head":"<!-- This site is optimized with the Yoast SEO plugin v26.3 - https:\/\/yoast.com\/wordpress\/plugins\/seo\/ -->\n<title>Neem contact op met Domaine Le Sciau voor een reservering<\/title>\n<meta name=\"description\" content=\"We zijn verheugd om al uw vragen te beantwoorden, of het nu gaat om onze tarieven, onze diensten of toegangsdetails. Domaine le Sciau\" \/>\n<meta name=\"robots\" content=\"index, follow, max-snippet:-1, max-image-preview:large, max-video-preview:-1\" \/>\n<link rel=\"canonical\" href=\"https:\/\/domaine-le-sciau-couzon.fr\/nl\/contact-couzon\/\" \/>\n<meta property=\"og:locale\" content=\"nl_NL\" \/>\n<meta property=\"og:type\" content=\"article\" \/>\n<meta property=\"og:title\" content=\"Neem contact op met Domaine Le Sciau voor een reservering\" \/>\n<meta property=\"og:description\" content=\"We zijn verheugd om al uw vragen te beantwoorden, of het nu gaat om onze tarieven, onze diensten of toegangsdetails. Domaine le Sciau\" \/>\n<meta property=\"og:url\" content=\"https:\/\/domaine-le-sciau-couzon.fr\/nl\/contact-couzon\/\" \/>\n<meta property=\"og:site_name\" content=\"Domaine Le Sciau\" \/>\n<meta property=\"article:modified_time\" content=\"2025-07-30T12:03:17+00:00\" \/>\n<meta property=\"og:image\" content=\"https:\/\/domaine-le-sciau-couzon.fr\/wp-content\/uploads\/2023\/09\/cropped-logo-domaine-le-sciau-couzon.jpg\" \/>\n\t<meta property=\"og:image:width\" content=\"512\" \/>\n\t<meta property=\"og:image:height\" content=\"512\" \/>\n\t<meta property=\"og:image:type\" content=\"image\/jpeg\" \/>\n<meta name=\"twitter:card\" content=\"summary_large_image\" \/>\n<meta name=\"twitter:label1\" content=\"Geschatte leestijd\" \/>\n\t<meta name=\"twitter:data1\" content=\"6 minuten\" \/>\n<script type=\"application\/ld+json\" class=\"yoast-schema-graph\">{\"@context\":\"https:\/\/schema.org\",\"@graph\":[{\"@type\":\"WebPage\",\"@id\":\"https:\/\/domaine-le-sciau-couzon.fr\/nl\/contact-couzon\/\",\"url\":\"https:\/\/domaine-le-sciau-couzon.fr\/nl\/contact-couzon\/\",\"name\":\"Neem contact op met Domaine Le Sciau voor een reservering\",\"isPartOf\":{\"@id\":\"https:\/\/domaine-le-sciau-couzon.fr\/#website\"},\"datePublished\":\"2023-09-04T15:05:51+00:00\",\"dateModified\":\"2025-07-30T12:03:17+00:00\",\"description\":\"We zijn verheugd om al uw vragen te beantwoorden, of het nu gaat om onze tarieven, onze diensten of toegangsdetails. Domaine le Sciau\",\"breadcrumb\":{\"@id\":\"https:\/\/domaine-le-sciau-couzon.fr\/nl\/contact-couzon\/#breadcrumb\"},\"inLanguage\":\"nl-NL\",\"potentialAction\":[{\"@type\":\"ReadAction\",\"target\":[\"https:\/\/domaine-le-sciau-couzon.fr\/nl\/contact-couzon\/\"]}]},{\"@type\":\"BreadcrumbList\",\"@id\":\"https:\/\/domaine-le-sciau-couzon.fr\/nl\/contact-couzon\/#breadcrumb\",\"itemListElement\":[{\"@type\":\"ListItem\",\"position\":1,\"name\":\"Accueil\",\"item\":\"https:\/\/domaine-le-sciau-couzon.fr\/nl\/\"},{\"@type\":\"ListItem\",\"position\":2,\"name\":\"Contact\"}]},{\"@type\":\"WebSite\",\"@id\":\"https:\/\/domaine-le-sciau-couzon.fr\/#website\",\"url\":\"https:\/\/domaine-le-sciau-couzon.fr\/\",\"name\":\"Domaine le Sciau\",\"description\":\"\",\"publisher\":{\"@id\":\"https:\/\/domaine-le-sciau-couzon.fr\/#organization\"},\"potentialAction\":[{\"@type\":\"SearchAction\",\"target\":{\"@type\":\"EntryPoint\",\"urlTemplate\":\"https:\/\/domaine-le-sciau-couzon.fr\/?s={search_term_string}\"},\"query-input\":{\"@type\":\"PropertyValueSpecification\",\"valueRequired\":true,\"valueName\":\"search_term_string\"}}],\"inLanguage\":\"nl-NL\"},{\"@type\":\"Organization\",\"@id\":\"https:\/\/domaine-le-sciau-couzon.fr\/#organization\",\"name\":\"Domaine le Sciau\",\"url\":\"https:\/\/domaine-le-sciau-couzon.fr\/\",\"logo\":{\"@type\":\"ImageObject\",\"inLanguage\":\"nl-NL\",\"@id\":\"https:\/\/domaine-le-sciau-couzon.fr\/#\/schema\/logo\/image\/\",\"url\":\"https:\/\/domaine-le-sciau-couzon.fr\/wp-content\/uploads\/2023\/09\/cropped-logo-domaine-le-sciau-couzon.jpg\",\"contentUrl\":\"https:\/\/domaine-le-sciau-couzon.fr\/wp-content\/uploads\/2023\/09\/cropped-logo-domaine-le-sciau-couzon.jpg\",\"width\":512,\"height\":512,\"caption\":\"Domaine le Sciau\"},\"image\":{\"@id\":\"https:\/\/domaine-le-sciau-couzon.fr\/#\/schema\/logo\/image\/\"}}]}<\/script>\n<!-- \/ Yoast SEO plugin. -->","yoast_head_json":{"title":"Neem contact op met Domaine Le Sciau voor een reservering","description":"We zijn verheugd om al uw vragen te beantwoorden, of het nu gaat om onze tarieven, onze diensten of toegangsdetails. Domaine le Sciau","robots":{"index":"index","follow":"follow","max-snippet":"max-snippet:-1","max-image-preview":"max-image-preview:large","max-video-preview":"max-video-preview:-1"},"canonical":"https:\/\/domaine-le-sciau-couzon.fr\/nl\/contact-couzon\/","og_locale":"nl_NL","og_type":"article","og_title":"Neem contact op met Domaine Le Sciau voor een reservering","og_description":"We zijn verheugd om al uw vragen te beantwoorden, of het nu gaat om onze tarieven, onze diensten of toegangsdetails. Domaine le Sciau","og_url":"https:\/\/domaine-le-sciau-couzon.fr\/nl\/contact-couzon\/","og_site_name":"Domaine Le Sciau","article_modified_time":"2025-07-30T12:03:17+00:00","og_image":[{"width":512,"height":512,"url":"https:\/\/domaine-le-sciau-couzon.fr\/wp-content\/uploads\/2023\/09\/cropped-logo-domaine-le-sciau-couzon.jpg","type":"image\/jpeg"}],"twitter_card":"summary_large_image","twitter_misc":{"Geschatte leestijd":"6 minuten"},"schema":{"@context":"https:\/\/schema.org","@graph":[{"@type":"WebPage","@id":"https:\/\/domaine-le-sciau-couzon.fr\/nl\/contact-couzon\/","url":"https:\/\/domaine-le-sciau-couzon.fr\/nl\/contact-couzon\/","name":"Neem contact op met Domaine Le Sciau voor een reservering","isPartOf":{"@id":"https:\/\/domaine-le-sciau-couzon.fr\/#website"},"datePublished":"2023-09-04T15:05:51+00:00","dateModified":"2025-07-30T12:03:17+00:00","description":"We zijn verheugd om al uw vragen te beantwoorden, of het nu gaat om onze tarieven, onze diensten of toegangsdetails. Domaine le Sciau","breadcrumb":{"@id":"https:\/\/domaine-le-sciau-couzon.fr\/nl\/contact-couzon\/#breadcrumb"},"inLanguage":"nl-NL","potentialAction":[{"@type":"ReadAction","target":["https:\/\/domaine-le-sciau-couzon.fr\/nl\/contact-couzon\/"]}]},{"@type":"BreadcrumbList","@id":"https:\/\/domaine-le-sciau-couzon.fr\/nl\/contact-couzon\/#breadcrumb","itemListElement":[{"@type":"ListItem","position":1,"name":"Accueil","item":"https:\/\/domaine-le-sciau-couzon.fr\/nl\/"},{"@type":"ListItem","position":2,"name":"Contact"}]},{"@type":"WebSite","@id":"https:\/\/domaine-le-sciau-couzon.fr\/#website","url":"https:\/\/domaine-le-sciau-couzon.fr\/","name":"Domaine le Sciau","description":"","publisher":{"@id":"https:\/\/domaine-le-sciau-couzon.fr\/#organization"},"potentialAction":[{"@type":"SearchAction","target":{"@type":"EntryPoint","urlTemplate":"https:\/\/domaine-le-sciau-couzon.fr\/?s={search_term_string}"},"query-input":{"@type":"PropertyValueSpecification","valueRequired":true,"valueName":"search_term_string"}}],"inLanguage":"nl-NL"},{"@type":"Organization","@id":"https:\/\/domaine-le-sciau-couzon.fr\/#organization","name":"Domaine le Sciau","url":"https:\/\/domaine-le-sciau-couzon.fr\/","logo":{"@type":"ImageObject","inLanguage":"nl-NL","@id":"https:\/\/domaine-le-sciau-couzon.fr\/#\/schema\/logo\/image\/","url":"https:\/\/domaine-le-sciau-couzon.fr\/wp-content\/uploads\/2023\/09\/cropped-logo-domaine-le-sciau-couzon.jpg","contentUrl":"https:\/\/domaine-le-sciau-couzon.fr\/wp-content\/uploads\/2023\/09\/cropped-logo-domaine-le-sciau-couzon.jpg","width":512,"height":512,"caption":"Domaine le Sciau"},"image":{"@id":"https:\/\/domaine-le-sciau-couzon.fr\/#\/schema\/logo\/image\/"}}]}},"_links":{"self":[{"href":"https:\/\/domaine-le-sciau-couzon.fr\/nl\/wp-json\/wp\/v2\/pages\/388","targetHints":{"allow":["GET"]}}],"collection":[{"href":"https:\/\/domaine-le-sciau-couzon.fr\/nl\/wp-json\/wp\/v2\/pages"}],"about":[{"href":"https:\/\/domaine-le-sciau-couzon.fr\/nl\/wp-json\/wp\/v2\/types\/page"}],"author":[{"embeddable":true,"href":"https:\/\/domaine-le-sciau-couzon.fr\/nl\/wp-json\/wp\/v2\/users\/1"}],"replies":[{"embeddable":true,"href":"https:\/\/domaine-le-sciau-couzon.fr\/nl\/wp-json\/wp\/v2\/comments?post=388"}],"version-history":[{"count":10,"href":"https:\/\/domaine-le-sciau-couzon.fr\/nl\/wp-json\/wp\/v2\/pages\/388\/revisions"}],"predecessor-version":[{"id":710,"href":"https:\/\/domaine-le-sciau-couzon.fr\/nl\/wp-json\/wp\/v2\/pages\/388\/revisions\/710"}],"wp:attachment":[{"href":"https:\/\/domaine-le-sciau-couzon.fr\/nl\/wp-json\/wp\/v2\/media?parent=388"}],"curies":[{"name":"wp","href":"https:\/\/api.w.org\/{rel}","templated":true}]}}