{"id":439,"date":"2023-10-11T16:45:08","date_gmt":"2023-10-11T16:45:08","guid":{"rendered":"https:\/\/domaine-le-sciau-couzon.fr\/photos\/"},"modified":"2025-07-24T15:10:19","modified_gmt":"2025-07-24T15:10:19","slug":"photos-couzon","status":"publish","type":"page","link":"https:\/\/domaine-le-sciau-couzon.fr\/nl\/photos-couzon\/","title":{"rendered":"Foto\u2019s"},"content":{"rendered":"<p>[et_pb_section fb_built=&#8221;1&#8243; _builder_version=&#8221;4.17.6&#8243; _module_preset=&#8221;default&#8221; background_image=&#8221;https:\/\/domaine-le-sciau-couzon.fr\/wp-content\/uploads\/2023\/09\/slider4-domaine-le-sciau-couzon-2.jpg&#8221; custom_padding=&#8221;100px||100px|||&#8221; global_colors_info=&#8221;{}&#8221;][et_pb_row _builder_version=&#8221;4.17.6&#8243; _module_preset=&#8221;default&#8221; global_colors_info=&#8221;{}&#8221;][et_pb_column type=&#8221;4_4&#8243; _builder_version=&#8221;4.17.6&#8243; _module_preset=&#8221;default&#8221; global_colors_info=&#8221;{}&#8221;][et_pb_text _builder_version=&#8221;4.17.6&#8243; _module_preset=&#8221;default&#8221; text_font=&#8221;Jost||||||||&#8221; text_text_color=&#8221;#FFFFFF&#8221; text_font_size=&#8221;60px&#8221; global_colors_info=&#8221;{}&#8221;]<\/p>\n<p style=\"text-align: center;\"><strong>Foto\u2019s<\/strong><\/p>\n<p>[\/et_pb_text][\/et_pb_column][\/et_pb_row][\/et_pb_section][et_pb_section fb_built=&#8221;1&#8243; _builder_version=&#8221;4.27.4&#8243; _module_preset=&#8221;default&#8221; hover_enabled=&#8221;0&#8243; global_colors_info=&#8221;{}&#8221; background_enable_image=&#8221;off&#8221; sticky_enabled=&#8221;0&#8243;][et_pb_row _builder_version=&#8221;4.17.6&#8243; _module_preset=&#8221;default&#8221; background_color=&#8221;#FFFFFF&#8221; custom_margin=&#8221;|auto|59px|auto||&#8221; custom_padding=&#8221;||73px|||&#8221; filter_opacity=&#8221;82%&#8221; global_colors_info=&#8221;{}&#8221;][et_pb_column type=&#8221;4_4&#8243; _builder_version=&#8221;4.17.6&#8243; _module_preset=&#8221;default&#8221; global_colors_info=&#8221;{}&#8221;][et_pb_divider color=&#8221;#f4efea&#8221; divider_weight=&#8221;2px&#8221; _builder_version=&#8221;4.17.6&#8243; _module_preset=&#8221;default&#8221; width=&#8221;33%&#8221; width_tablet=&#8221;52%&#8221; width_phone=&#8221;55%&#8221; width_last_edited=&#8221;on|phone&#8221; module_alignment=&#8221;center&#8221; min_height=&#8221;18.8px&#8221; custom_margin=&#8221;||2px||false|false&#8221; custom_padding=&#8221;||0px||false|false&#8221; global_colors_info=&#8221;{}&#8221;][\/et_pb_divider][et_pb_image src=&#8221;https:\/\/domaine-le-sciau-couzon.fr\/wp-content\/uploads\/2025\/01\/IMG_6671-scaled.jpg&#8221; _builder_version=&#8221;4.27.4&#8243; _module_preset=&#8221;default&#8221; title_text=&#8221;IMG_6671&#8243; hover_enabled=&#8221;0&#8243; sticky_enabled=&#8221;0&#8243;][\/et_pb_image][\/et_pb_column][\/et_pb_row][\/et_pb_section][et_pb_section fb_built=&#8221;1&#8243; _builder_version=&#8221;4.17.6&#8243; _module_preset=&#8221;default&#8221; background_image=&#8221;https:\/\/domaine-le-sciau-couzon.fr\/wp-content\/uploads\/2023\/09\/Domaine-Le-Sciau-01.jpg&#8221; global_colors_info=&#8221;{}&#8221;][et_pb_row _builder_version=&#8221;4.17.6&#8243; _module_preset=&#8221;default&#8221; background_color=&#8221;#FFFFFF&#8221; custom_margin=&#8221;|auto|59px|auto||&#8221; custom_padding=&#8221;||73px|||&#8221; filter_opacity=&#8221;82%&#8221; global_colors_info=&#8221;{}&#8221;][et_pb_column type=&#8221;4_4&#8243; _builder_version=&#8221;4.17.6&#8243; _module_preset=&#8221;default&#8221; global_colors_info=&#8221;{}&#8221;][et_pb_text _builder_version=&#8221;4.17.6&#8243; _module_preset=&#8221;default&#8221; global_colors_info=&#8221;{}&#8221;]<\/p>\n<h2 style=\"text-align: center;\"><span>Boek snel uw vakantie in de Auvergne-Rh\u00f4ne-Alpes<\/span><\/h2>\n<p>[\/et_pb_text][et_pb_divider color=&#8221;#f4efea&#8221; divider_weight=&#8221;2px&#8221; _builder_version=&#8221;4.17.6&#8243; _module_preset=&#8221;default&#8221; width=&#8221;33%&#8221; width_tablet=&#8221;52%&#8221; width_phone=&#8221;55%&#8221; width_last_edited=&#8221;on|phone&#8221; module_alignment=&#8221;center&#8221; min_height=&#8221;18.8px&#8221; custom_margin=&#8221;||2px||false|false&#8221; custom_padding=&#8221;||0px||false|false&#8221; global_colors_info=&#8221;{}&#8221;][\/et_pb_divider][et_pb_text _builder_version=&#8221;4.17.6&#8243; _module_preset=&#8221;default&#8221; custom_margin=&#8221;|30px||30px|false|true&#8221; global_colors_info=&#8221;{}&#8221;]<\/p>\n<p style=\"text-align: center;\"><span>De komende vakantie is een perfecte gelegenheid om te ontsnappen en de betovering van onze regio te ontdekken. Laat deze kans niet aan u voorbijgaan! Boek nu om uw plek te verzekeren in ons charmante landgoed. Duik in het comfort van onze kamers die geschikt zijn voor maximaal 8 personen. De rust van het platteland, culturele avonturen en ontspanningsmomenten wachten op u.<\/span><\/p>\n<p>[\/et_pb_text][et_pb_button button_url=&#8221;@ET-DC@eyJkeW5hbWljIjp0cnVlLCJjb250ZW50IjoicG9zdF9saW5rX3VybF9wYWdlIiwic2V0dGluZ3MiOnsicG9zdF9pZCI6IjE0MSJ9fQ==@&#8221; button_text=&#8221;Contactez nous&#8221; button_alignment=&#8221;center&#8221; _builder_version=&#8221;4.27.4&#8243; _dynamic_attributes=&#8221;button_url&#8221; _module_preset=&#8221;default&#8221; custom_button=&#8221;on&#8221; button_text_color=&#8221;#FFFFFF&#8221; button_bg_color=&#8221;#bb9c6d&#8221; button_border_color=&#8221;#bb9c6d&#8221; global_module=&#8221;318&#8243; saved_tabs=&#8221;all&#8221; global_colors_info=&#8221;{}&#8221;][\/et_pb_button][\/et_pb_column][\/et_pb_row][\/et_pb_section][et_pb_section fb_built=&#8221;1&#8243; module_class=&#8221;display&#8221; _builder_version=&#8221;4.17.6&#8243; _module_preset=&#8221;default&#8221; global_colors_info=&#8221;{}&#8221;][et_pb_row _builder_version=&#8221;4.17.6&#8243; _module_preset=&#8221;default&#8221; global_colors_info=&#8221;{}&#8221;][et_pb_column type=&#8221;4_4&#8243; _builder_version=&#8221;4.17.6&#8243; _module_preset=&#8221;default&#8221; global_colors_info=&#8221;{}&#8221;][et_pb_text module_class=&#8221;display&#8221; _builder_version=&#8221;4.17.6&#8243; _module_preset=&#8221;default&#8221; global_colors_info=&#8221;{}&#8221;]<\/p>\n<p>Bienvenue \u00e0 notre remarquable chambre d&#8217;h\u00f4te nich\u00e9e au c\u0153ur de l&#8217;Allier. Impr\u00e9gn\u00e9e de l&#8217;atmosph\u00e8re apaisante de cette r\u00e9gion pittoresque, notre domaine vous accueille dans une ambiance chaleureuse et authentique. Avec notre h\u00e9bergement pouvant accueillir jusqu&#8217;\u00e0 8 personnes r\u00e9parties dans trois chambres soigneusement am\u00e9nag\u00e9es, chaque visiteur d\u00e9couvrira un havre de tranquillit\u00e9 o\u00f9 le confort et l&#8217;\u00e9l\u00e9gance se marient \u00e0 la perfection. Profitez de la diversit\u00e9 des activit\u00e9s et des d\u00e9couvertes qui vous entourent, puis revenez \u00e0 notre havre de paix pour vous d\u00e9tendre et vous ressourcer. Dans cette r\u00e9gion historique et culturelle, notre chambre d&#8217;h\u00f4te est l&#8217;endroit id\u00e9al pour vivre une exp\u00e9rience m\u00e9morable au c\u0153ur de l&#8217;Allier.<\/p>\n<p>[\/et_pb_text][\/et_pb_column][\/et_pb_row][\/et_pb_section][et_pb_section fb_built=&#8221;1&#8243; module_class=&#8221;display&#8221; _builder_version=&#8221;4.17.6&#8243; _module_preset=&#8221;default&#8221; global_colors_info=&#8221;{}&#8221;][et_pb_row _builder_version=&#8221;4.17.6&#8243; _module_preset=&#8221;default&#8221; global_colors_info=&#8221;{}&#8221;][et_pb_column type=&#8221;4_4&#8243; _builder_version=&#8221;4.17.6&#8243; _module_preset=&#8221;default&#8221; global_colors_info=&#8221;{}&#8221;][et_pb_text _builder_version=&#8221;4.17.6&#8243; _module_preset=&#8221;8a8f9e40-de06-424b-817d-5c730cffe3b2&#8243; global_colors_info=&#8221;{}&#8221;]<\/p>\n<p>D\u00e9couvrez nos salles d&#8217;exception \u00e0 louer, l&#8217;Empire \u00e0 Charleroi et Luxury \u00e0 Jumet. Avec leur grande capacit\u00e9, leur confort optimal, leur emplacement strat\u00e9gique et leur flexibilit\u00e9 d&#8217;am\u00e9nagement, ces salles offrent tout ce dont vous avez besoin pour cr\u00e9er un \u00e9v\u00e9nement inoubliable. R\u00e9servez d\u00e8s maintenant et profitez d&#8217;un service professionnel dans des espaces personnalisables. Transformez votre \u00e9v\u00e9nement en un moment m\u00e9morable.<\/p>\n<p>[\/et_pb_text][\/et_pb_column][\/et_pb_row][\/et_pb_section][et_pb_section fb_built=&#8221;1&#8243; module_class=&#8221;display&#8221; _builder_version=&#8221;4.17.6&#8243; _module_preset=&#8221;default&#8221; custom_padding=&#8221;0px||0px|||&#8221; global_colors_info=&#8221;{}&#8221;][et_pb_row _builder_version=&#8221;4.17.6&#8243; _module_preset=&#8221;default&#8221; global_colors_info=&#8221;{}&#8221;][et_pb_column type=&#8221;4_4&#8243; _builder_version=&#8221;4.17.6&#8243; _module_preset=&#8221;default&#8221; global_colors_info=&#8221;{}&#8221;][et_pb_text _builder_version=&#8221;4.17.6&#8243; _module_preset=&#8221;8a8f9e40-de06-424b-817d-5c730cffe3b2&#8243; global_colors_info=&#8221;{}&#8221;]<\/p>\n<p>Crescendimmo Real Estate \u00e0 Sambreville est votre agence immobili\u00e8re. Nous vous accompagnons dans votre recherche de bien immobilier \u00e0 acheter, \u00e0 vendre ou \u00e0 louer. Nous vous proposons un service de gestion locative pour tous vos biens immobiliers. Retrouvez \u00e9galement notre service d\u2019estimation gratuite \u00e0 Sambreville, Jemeppes-sur-Sambre ou Fosse-la-Ville. Pour toute autre demande, n\u2019h\u00e9sitez pas \u00e0 nous contacter.<\/p>\n<p>[\/et_pb_text][\/et_pb_column][\/et_pb_row][\/et_pb_section][et_pb_section fb_built=&#8221;1&#8243; module_class=&#8221;display&#8221; _builder_version=&#8221;4.17.6&#8243; _module_preset=&#8221;default&#8221; global_colors_info=&#8221;{}&#8221;][et_pb_row _builder_version=&#8221;4.17.6&#8243; _module_preset=&#8221;default&#8221; global_colors_info=&#8221;{}&#8221;][et_pb_column type=&#8221;4_4&#8243; _builder_version=&#8221;4.17.6&#8243; _module_preset=&#8221;default&#8221; global_colors_info=&#8221;{}&#8221;][et_pb_text _builder_version=&#8221;4.17.6&#8243; _module_preset=&#8221;8a8f9e40-de06-424b-817d-5c730cffe3b2&#8243; global_colors_info=&#8221;{}&#8221;]<\/p>\n<p>Traiteur \u00e9v\u00e9nementiel, Le Percheron propose ses services de restauration pour tous types d\u2019\u00e9v\u00e9nements priv\u00e9s et professionnels en Wallonie. Menus types ou compos\u00e9s sur mesure selon vos envies, nos plats traiteur s&#8217;adaptent \u00e0 toutes les occasions. Nous pr\u00e9parons vos buffets (pr\u00e9parations ap\u00e9ritives, amuse-bouches, plats froids ou chauds, desserts) et menus complets (entr\u00e9e, plat et dessert) selon vos exigences, pour des moments uniques de partage et de d\u00e9gustation. Au quotidien, Le Percheron vous propose un menu diff\u00e9rent par semaine disponible en livraison dans le secteur de Mons. Renouvel\u00e9s chaque semaine, ces menus gourmands (plat, potage, entr\u00e9e, dessert) sauront vous convaincre. Ils sont disponibles sur commande par t\u00e9l\u00e9phone ou par mail.<\/p>\n<p>[\/et_pb_text][\/et_pb_column][\/et_pb_row][\/et_pb_section][et_pb_section fb_built=&#8221;1&#8243; module_class=&#8221;display&#8221; _builder_version=&#8221;4.17.6&#8243; _module_preset=&#8221;default&#8221; global_colors_info=&#8221;{}&#8221;][et_pb_row _builder_version=&#8221;4.17.6&#8243; _module_preset=&#8221;default&#8221; global_colors_info=&#8221;{}&#8221;][et_pb_column type=&#8221;4_4&#8243; _builder_version=&#8221;4.17.6&#8243; _module_preset=&#8221;default&#8221; global_colors_info=&#8221;{}&#8221;][et_pb_text _builder_version=&#8221;4.17.6&#8243; _module_preset=&#8221;8a8f9e40-de06-424b-817d-5c730cffe3b2&#8243; global_colors_info=&#8221;{}&#8221;]<\/p>\n<p>Traiteur \u00e9v\u00e9nementiel, Le Percheron propose ses services de restauration pour tous types d\u2019\u00e9v\u00e9nements priv\u00e9s et professionnels en Wallonie. Menus types ou compos\u00e9s sur mesure selon vos envies, nos plats traiteur s&#8217;adaptent \u00e0 toutes les occasions. Nous pr\u00e9parons vos buffets (pr\u00e9parations ap\u00e9ritives, amuse-bouches, plats froids ou chauds, desserts) et menus complets (entr\u00e9e, plat et dessert) selon vos exigences, pour des moments uniques de partage et de d\u00e9gustation. Au quotidien, Le Percheron vous propose un menu diff\u00e9rent par semaine disponible en livraison dans le secteur de Mons. Renouvel\u00e9s chaque semaine, ces menus gourmands (plat, potage, entr\u00e9e, dessert) sauront vous convaincre. Ils sont disponibles sur commande par t\u00e9l\u00e9phone ou par mail.<\/p>\n<p>[\/et_pb_text][\/et_pb_column][\/et_pb_row][\/et_pb_section][et_pb_section fb_built=&#8221;1&#8243; module_class=&#8221;display&#8221; _builder_version=&#8221;4.17.6&#8243; _module_preset=&#8221;default&#8221; global_colors_info=&#8221;{}&#8221;][et_pb_row _builder_version=&#8221;4.17.6&#8243; _module_preset=&#8221;default&#8221; global_colors_info=&#8221;{}&#8221;][et_pb_column type=&#8221;4_4&#8243; _builder_version=&#8221;4.17.6&#8243; _module_preset=&#8221;default&#8221; global_colors_info=&#8221;{}&#8221;][et_pb_text _builder_version=&#8221;4.17.6&#8243; _module_preset=&#8221;8a8f9e40-de06-424b-817d-5c730cffe3b2&#8243; global_colors_info=&#8221;{}&#8221;]<\/p>\n<p>Traiteur \u00e9v\u00e9nementiel, Le Percheron propose ses services de restauration pour tous types d\u2019\u00e9v\u00e9nements priv\u00e9s et professionnels en Wallonie. Menus types ou compos\u00e9s sur mesure selon vos envies, nos plats traiteur s&#8217;adaptent \u00e0 toutes les occasions. Nous pr\u00e9parons vos buffets (pr\u00e9parations ap\u00e9ritives, amuse-bouches, plats froids ou chauds, desserts) et menus complets (entr\u00e9e, plat et dessert) selon vos exigences, pour des moments uniques de partage et de d\u00e9gustation. Au quotidien, Le Percheron vous propose un menu diff\u00e9rent par semaine disponible en livraison dans le secteur de Mons. Renouvel\u00e9s chaque semaine, ces menus gourmands (plat, potage, entr\u00e9e, dessert) sauront vous convaincre. Ils sont disponibles sur commande par t\u00e9l\u00e9phone ou par mail.<\/p>\n<p>[\/et_pb_text][\/et_pb_column][\/et_pb_row][\/et_pb_section][et_pb_section fb_built=&#8221;1&#8243; module_class=&#8221;display&#8221; _builder_version=&#8221;4.17.6&#8243; _module_preset=&#8221;default&#8221; global_colors_info=&#8221;{}&#8221;][et_pb_row _builder_version=&#8221;4.17.6&#8243; _module_preset=&#8221;default&#8221; global_colors_info=&#8221;{}&#8221;][et_pb_column type=&#8221;4_4&#8243; _builder_version=&#8221;4.17.6&#8243; _module_preset=&#8221;default&#8221; global_colors_info=&#8221;{}&#8221;][et_pb_text _builder_version=&#8221;4.17.6&#8243; _module_preset=&#8221;8a8f9e40-de06-424b-817d-5c730cffe3b2&#8243; global_colors_info=&#8221;{}&#8221;]<\/p>\n<p>Traiteur \u00e9v\u00e9nementiel, Le Percheron propose ses services de restauration pour tous types d\u2019\u00e9v\u00e9nements priv\u00e9s et professionnels en Wallonie. Menus types ou compos\u00e9s sur mesure selon vos envies, nos plats traiteur s&#8217;adaptent \u00e0 toutes les occasions. Nous pr\u00e9parons vos buffets (pr\u00e9parations ap\u00e9ritives, amuse-bouches, plats froids ou chauds, desserts) et menus complets (entr\u00e9e, plat et dessert) selon vos exigences, pour des moments uniques de partage et de d\u00e9gustation. Au quotidien, Le Percheron vous propose un menu diff\u00e9rent par semaine disponible en livraison dans le secteur de Mons. Renouvel\u00e9s chaque semaine, ces menus gourmands (plat, potage, entr\u00e9e, dessert) sauront vous convaincre. Ils sont disponibles sur commande par t\u00e9l\u00e9phone ou par mail.<\/p>\n<p>[\/et_pb_text][\/et_pb_column][\/et_pb_row][\/et_pb_section][et_pb_section fb_built=&#8221;1&#8243; module_class=&#8221;display&#8221; _builder_version=&#8221;4.17.6&#8243; _module_preset=&#8221;default&#8221; global_colors_info=&#8221;{}&#8221;][et_pb_row _builder_version=&#8221;4.17.6&#8243; _module_preset=&#8221;default&#8221; global_colors_info=&#8221;{}&#8221;][et_pb_column type=&#8221;4_4&#8243; _builder_version=&#8221;4.17.6&#8243; _module_preset=&#8221;default&#8221; global_colors_info=&#8221;{}&#8221;][et_pb_text _builder_version=&#8221;4.17.6&#8243; _module_preset=&#8221;8a8f9e40-de06-424b-817d-5c730cffe3b2&#8243; global_colors_info=&#8221;{}&#8221;]<\/p>\n<p>Traiteur \u00e9v\u00e9nementiel, Le Percheron propose ses services de restauration pour tous types d\u2019\u00e9v\u00e9nements priv\u00e9s et professionnels en Wallonie. Menus types ou compos\u00e9s sur mesure selon vos envies, nos plats traiteur s&#8217;adaptent \u00e0 toutes les occasions. Nous pr\u00e9parons vos buffets (pr\u00e9parations ap\u00e9ritives, amuse-bouches, plats froids ou chauds, desserts) et menus complets (entr\u00e9e, plat et dessert) selon vos exigences, pour des moments uniques de partage et de d\u00e9gustation. Au quotidien, Le Percheron vous propose un menu diff\u00e9rent par semaine disponible en livraison dans le secteur de Mons. Renouvel\u00e9s chaque semaine, ces menus gourmands (plat, potage, entr\u00e9e, dessert) sauront vous convaincre. Ils sont disponibles sur commande par t\u00e9l\u00e9phone ou par mail.<\/p>\n<p>[\/et_pb_text][\/et_pb_column][\/et_pb_row][\/et_pb_section]<\/p>\n","protected":false},"excerpt":{"rendered":"<p>Foto\u2019sBoek snel uw vakantie in de Auvergne-Rh\u00f4ne-AlpesDe komende vakantie is een perfecte gelegenheid om te ontsnappen en de betovering van onze regio te ontdekken. Laat deze kans niet aan u voorbijgaan! Boek nu om uw plek te verzekeren in ons charmante landgoed. Duik in het comfort van onze kamers die geschikt zijn voor maximaal 8 [&hellip;]<\/p>\n","protected":false},"author":2,"featured_media":0,"parent":0,"menu_order":0,"comment_status":"closed","ping_status":"closed","template":"","meta":{"_et_pb_use_builder":"on","_et_pb_old_content":"","_et_gb_content_width":"","footnotes":""},"class_list":["post-439","page","type-page","status-publish","hentry"],"yoast_head":"<!-- This site is optimized with the Yoast SEO plugin v26.3 - https:\/\/yoast.com\/wordpress\/plugins\/seo\/ -->\n<title>Domaine le Sciau - Onze foto&#039;s<\/title>\n<meta name=\"description\" content=\"De volgende vakantie is een perfecte gelegenheid om te ontsnappen en de betovering van onze regio te ontdekken.\" \/>\n<meta name=\"robots\" content=\"index, follow, max-snippet:-1, max-image-preview:large, max-video-preview:-1\" \/>\n<link rel=\"canonical\" href=\"https:\/\/domaine-le-sciau-couzon.fr\/photos-couzon\/\" \/>\n<meta property=\"og:locale\" content=\"nl_NL\" \/>\n<meta property=\"og:type\" content=\"article\" \/>\n<meta property=\"og:title\" content=\"Domaine le Sciau - Onze foto&#039;s\" \/>\n<meta property=\"og:description\" content=\"De volgende vakantie is een perfecte gelegenheid om te ontsnappen en de betovering van onze regio te ontdekken.\" \/>\n<meta property=\"og:url\" content=\"https:\/\/domaine-le-sciau-couzon.fr\/photos-couzon\/\" \/>\n<meta property=\"og:site_name\" content=\"Domaine Le Sciau\" \/>\n<meta property=\"article:modified_time\" content=\"2025-07-24T15:10:19+00:00\" \/>\n<meta property=\"og:image\" content=\"https:\/\/domaine-le-sciau-couzon.fr\/wp-content\/uploads\/2023\/09\/cropped-logo-domaine-le-sciau-couzon.jpg\" \/>\n\t<meta property=\"og:image:width\" content=\"512\" \/>\n\t<meta property=\"og:image:height\" content=\"512\" \/>\n\t<meta property=\"og:image:type\" content=\"image\/jpeg\" \/>\n<meta name=\"twitter:card\" content=\"summary_large_image\" \/>\n<meta name=\"twitter:label1\" content=\"Geschatte leestijd\" \/>\n\t<meta name=\"twitter:data1\" content=\"6 minuten\" \/>\n<script type=\"application\/ld+json\" class=\"yoast-schema-graph\">{\"@context\":\"https:\/\/schema.org\",\"@graph\":[{\"@type\":\"WebPage\",\"@id\":\"https:\/\/domaine-le-sciau-couzon.fr\/photos-couzon\/\",\"url\":\"https:\/\/domaine-le-sciau-couzon.fr\/photos-couzon\/\",\"name\":\"Domaine le Sciau - Onze foto's\",\"isPartOf\":{\"@id\":\"https:\/\/domaine-le-sciau-couzon.fr\/#website\"},\"datePublished\":\"2023-10-11T16:45:08+00:00\",\"dateModified\":\"2025-07-24T15:10:19+00:00\",\"description\":\"De volgende vakantie is een perfecte gelegenheid om te ontsnappen en de betovering van onze regio te ontdekken.\",\"breadcrumb\":{\"@id\":\"https:\/\/domaine-le-sciau-couzon.fr\/photos-couzon\/#breadcrumb\"},\"inLanguage\":\"nl-NL\",\"potentialAction\":[{\"@type\":\"ReadAction\",\"target\":[\"https:\/\/domaine-le-sciau-couzon.fr\/photos-couzon\/\"]}]},{\"@type\":\"BreadcrumbList\",\"@id\":\"https:\/\/domaine-le-sciau-couzon.fr\/photos-couzon\/#breadcrumb\",\"itemListElement\":[{\"@type\":\"ListItem\",\"position\":1,\"name\":\"Accueil\",\"item\":\"https:\/\/domaine-le-sciau-couzon.fr\/nl\/\"},{\"@type\":\"ListItem\",\"position\":2,\"name\":\"Foto\u2019s\"}]},{\"@type\":\"WebSite\",\"@id\":\"https:\/\/domaine-le-sciau-couzon.fr\/#website\",\"url\":\"https:\/\/domaine-le-sciau-couzon.fr\/\",\"name\":\"Domaine le Sciau\",\"description\":\"\",\"publisher\":{\"@id\":\"https:\/\/domaine-le-sciau-couzon.fr\/#organization\"},\"potentialAction\":[{\"@type\":\"SearchAction\",\"target\":{\"@type\":\"EntryPoint\",\"urlTemplate\":\"https:\/\/domaine-le-sciau-couzon.fr\/?s={search_term_string}\"},\"query-input\":{\"@type\":\"PropertyValueSpecification\",\"valueRequired\":true,\"valueName\":\"search_term_string\"}}],\"inLanguage\":\"nl-NL\"},{\"@type\":\"Organization\",\"@id\":\"https:\/\/domaine-le-sciau-couzon.fr\/#organization\",\"name\":\"Domaine le Sciau\",\"url\":\"https:\/\/domaine-le-sciau-couzon.fr\/\",\"logo\":{\"@type\":\"ImageObject\",\"inLanguage\":\"nl-NL\",\"@id\":\"https:\/\/domaine-le-sciau-couzon.fr\/#\/schema\/logo\/image\/\",\"url\":\"https:\/\/domaine-le-sciau-couzon.fr\/wp-content\/uploads\/2023\/09\/cropped-logo-domaine-le-sciau-couzon.jpg\",\"contentUrl\":\"https:\/\/domaine-le-sciau-couzon.fr\/wp-content\/uploads\/2023\/09\/cropped-logo-domaine-le-sciau-couzon.jpg\",\"width\":512,\"height\":512,\"caption\":\"Domaine le Sciau\"},\"image\":{\"@id\":\"https:\/\/domaine-le-sciau-couzon.fr\/#\/schema\/logo\/image\/\"}}]}<\/script>\n<!-- \/ Yoast SEO plugin. -->","yoast_head_json":{"title":"Domaine le Sciau - Onze foto's","description":"De volgende vakantie is een perfecte gelegenheid om te ontsnappen en de betovering van onze regio te ontdekken.","robots":{"index":"index","follow":"follow","max-snippet":"max-snippet:-1","max-image-preview":"max-image-preview:large","max-video-preview":"max-video-preview:-1"},"canonical":"https:\/\/domaine-le-sciau-couzon.fr\/photos-couzon\/","og_locale":"nl_NL","og_type":"article","og_title":"Domaine le Sciau - Onze foto's","og_description":"De volgende vakantie is een perfecte gelegenheid om te ontsnappen en de betovering van onze regio te ontdekken.","og_url":"https:\/\/domaine-le-sciau-couzon.fr\/photos-couzon\/","og_site_name":"Domaine Le Sciau","article_modified_time":"2025-07-24T15:10:19+00:00","og_image":[{"width":512,"height":512,"url":"https:\/\/domaine-le-sciau-couzon.fr\/wp-content\/uploads\/2023\/09\/cropped-logo-domaine-le-sciau-couzon.jpg","type":"image\/jpeg"}],"twitter_card":"summary_large_image","twitter_misc":{"Geschatte leestijd":"6 minuten"},"schema":{"@context":"https:\/\/schema.org","@graph":[{"@type":"WebPage","@id":"https:\/\/domaine-le-sciau-couzon.fr\/photos-couzon\/","url":"https:\/\/domaine-le-sciau-couzon.fr\/photos-couzon\/","name":"Domaine le Sciau - Onze foto's","isPartOf":{"@id":"https:\/\/domaine-le-sciau-couzon.fr\/#website"},"datePublished":"2023-10-11T16:45:08+00:00","dateModified":"2025-07-24T15:10:19+00:00","description":"De volgende vakantie is een perfecte gelegenheid om te ontsnappen en de betovering van onze regio te ontdekken.","breadcrumb":{"@id":"https:\/\/domaine-le-sciau-couzon.fr\/photos-couzon\/#breadcrumb"},"inLanguage":"nl-NL","potentialAction":[{"@type":"ReadAction","target":["https:\/\/domaine-le-sciau-couzon.fr\/photos-couzon\/"]}]},{"@type":"BreadcrumbList","@id":"https:\/\/domaine-le-sciau-couzon.fr\/photos-couzon\/#breadcrumb","itemListElement":[{"@type":"ListItem","position":1,"name":"Accueil","item":"https:\/\/domaine-le-sciau-couzon.fr\/nl\/"},{"@type":"ListItem","position":2,"name":"Foto\u2019s"}]},{"@type":"WebSite","@id":"https:\/\/domaine-le-sciau-couzon.fr\/#website","url":"https:\/\/domaine-le-sciau-couzon.fr\/","name":"Domaine le Sciau","description":"","publisher":{"@id":"https:\/\/domaine-le-sciau-couzon.fr\/#organization"},"potentialAction":[{"@type":"SearchAction","target":{"@type":"EntryPoint","urlTemplate":"https:\/\/domaine-le-sciau-couzon.fr\/?s={search_term_string}"},"query-input":{"@type":"PropertyValueSpecification","valueRequired":true,"valueName":"search_term_string"}}],"inLanguage":"nl-NL"},{"@type":"Organization","@id":"https:\/\/domaine-le-sciau-couzon.fr\/#organization","name":"Domaine le Sciau","url":"https:\/\/domaine-le-sciau-couzon.fr\/","logo":{"@type":"ImageObject","inLanguage":"nl-NL","@id":"https:\/\/domaine-le-sciau-couzon.fr\/#\/schema\/logo\/image\/","url":"https:\/\/domaine-le-sciau-couzon.fr\/wp-content\/uploads\/2023\/09\/cropped-logo-domaine-le-sciau-couzon.jpg","contentUrl":"https:\/\/domaine-le-sciau-couzon.fr\/wp-content\/uploads\/2023\/09\/cropped-logo-domaine-le-sciau-couzon.jpg","width":512,"height":512,"caption":"Domaine le Sciau"},"image":{"@id":"https:\/\/domaine-le-sciau-couzon.fr\/#\/schema\/logo\/image\/"}}]}},"_links":{"self":[{"href":"https:\/\/domaine-le-sciau-couzon.fr\/nl\/wp-json\/wp\/v2\/pages\/439","targetHints":{"allow":["GET"]}}],"collection":[{"href":"https:\/\/domaine-le-sciau-couzon.fr\/nl\/wp-json\/wp\/v2\/pages"}],"about":[{"href":"https:\/\/domaine-le-sciau-couzon.fr\/nl\/wp-json\/wp\/v2\/types\/page"}],"author":[{"embeddable":true,"href":"https:\/\/domaine-le-sciau-couzon.fr\/nl\/wp-json\/wp\/v2\/users\/2"}],"replies":[{"embeddable":true,"href":"https:\/\/domaine-le-sciau-couzon.fr\/nl\/wp-json\/wp\/v2\/comments?post=439"}],"version-history":[{"count":4,"href":"https:\/\/domaine-le-sciau-couzon.fr\/nl\/wp-json\/wp\/v2\/pages\/439\/revisions"}],"predecessor-version":[{"id":698,"href":"https:\/\/domaine-le-sciau-couzon.fr\/nl\/wp-json\/wp\/v2\/pages\/439\/revisions\/698"}],"wp:attachment":[{"href":"https:\/\/domaine-le-sciau-couzon.fr\/nl\/wp-json\/wp\/v2\/media?parent=439"}],"curies":[{"name":"wp","href":"https:\/\/api.w.org\/{rel}","templated":true}]}}